{"id":8801,"date":"2025-06-09T16:16:28","date_gmt":"2025-06-09T19:16:28","guid":{"rendered":"https:\/\/www1.unicap.br\/observatorio2\/?page_id=8801"},"modified":"2025-11-05T18:11:51","modified_gmt":"2025-11-05T21:11:51","slug":"programacao-2025","status":"publish","type":"page","link":"https:\/\/www1.unicap.br\/observatorio2\/?page_id=8801","title":{"rendered":"PROGRAMA\u00c7\u00c3O 2025"},"content":{"rendered":"\n<figure class=\"wp-block-image size-full\"><img loading=\"lazy\" decoding=\"async\" width=\"715\" height=\"634\" src=\"https:\/\/www1.unicap.br\/observatorio2\/wp-content\/uploads\/2025\/08\/517335878_10234651871871381_8253407259105273599_n.jpg\" alt=\"\" class=\"wp-image-8839\" srcset=\"https:\/\/www1.unicap.br\/observatorio2\/wp-content\/uploads\/2025\/08\/517335878_10234651871871381_8253407259105273599_n.jpg 715w, https:\/\/www1.unicap.br\/observatorio2\/wp-content\/uploads\/2025\/08\/517335878_10234651871871381_8253407259105273599_n-300x266.jpg 300w, https:\/\/www1.unicap.br\/observatorio2\/wp-content\/uploads\/2025\/08\/517335878_10234651871871381_8253407259105273599_n-338x300.jpg 338w\" sizes=\"auto, (max-width: 715px) 100vw, 715px\" \/><figcaption class=\"wp-element-caption\"><em>Debatendo sobre laicidade e educa\u00e7\u00e3o com o Sindicato dos Trabalhadores e Trabalhadoras em Educa\u00e7\u00e3o de Pernambuco<\/em>, nov\/2024<\/figcaption><\/figure>\n\n\n\n<p><\/p>\n\n\n\n<p><strong>Grupo de Estudo<\/strong><\/p>\n\n\n\n<p>O grupo de estudo sobre Transdisciplinaridade e Di\u00e1logo, coordenado pelo prof. Gilbraz&nbsp;na UNICAP, re\u00fane-se desde 2005, sempre nas&nbsp;<strong>quartas-feiras<\/strong>&nbsp;<strong>das 17 \u00e0s 18h<\/strong>, e a partir de 2020 de forma online. O Grupo \u00e9 aberto \u00e0 participa\u00e7\u00e3o de pesquisadores, orientandos de doutorado e mestrado, al\u00e9m de militantes do di\u00e1logo inter-religioso. Os membros que est\u00e3o registrados no&nbsp;<a href=\"https:\/\/espdialogo.wordpress.com\/\" target=\"_blank\" rel=\"noreferrer noopener\">Grupo de Pesquisa Espiritualidades, Pluralidade e Di\u00e1logo<\/a>&nbsp;(CNPQ) devem, ao menos,&nbsp;participar de 1\/3 das reuni\u00f5es e apresentar anualmente uma produ\u00e7\u00e3o acad\u00eamica qualificada.<\/p>\n\n\n\n<p>Nas reuni\u00f5es semanais do Grupo os participantes compartilham o andamento de suas pesquisas e prosseguem com um estudo em comum: em 2025 vamos come\u00e7ar com o livro <a href=\"https:\/\/www.amazon.com.br\/Exu-Mulher-matriarcado-nag%C3%B4-masculiniza%C3%A7%C3%A3o-demoniza%C3%A7%C3%A3o\/dp\/6587708196\/\" target=\"_blank\" rel=\"noreferrer noopener\">Exu-Mulher<\/a>, aprofundando os estudos interseccionais no campo religioso. Atrav\u00e9s da internet o nosso&nbsp;<a href=\"https:\/\/www1.unicap.br\/observatorio2\/?p=8020\" target=\"_blank\" rel=\"noreferrer noopener\">campus agora \u00e9 a gal\u00e1xia<\/a>&nbsp;e voc\u00ea pode juntar-se a n\u00f3s como um valente mochileiro do al\u00e9m!<\/p>\n\n\n\n<p><strong>Encontros e Semin\u00e1rios<\/strong><\/p>\n\n\n\n<p>A equipe do Observat\u00f3rio Transdisciplinar das Religi\u00f5es participa igualmente na anima\u00e7\u00e3o de v\u00e1rios eventos relacionados ao di\u00e1logo entre f\u00e9s e convic\u00e7\u00f5es, em parceria com outros grupos universit\u00e1rios e de educa\u00e7\u00e3o comunit\u00e1ria:<\/p>\n\n\n\n<ul class=\"wp-block-list\">\n<li>Comer e coexitir &#8211; 21 de janeiro 9h, Compaz Dom Helder, Celebra\u00e7\u00e3o do <a href=\"https:\/\/www1.unicap.br\/observatorio2\/?p=8617\" target=\"_blank\" rel=\"noreferrer noopener\">Dia de Combate \u00e0 Intoler\u00e2ncia Religiosa com o F\u00f3rum Di\u00e1logos<\/a>.<\/li>\n\n\n\n<li>Partilha da humanidade \u2013 25 de janeiro 8h, Casa do P\u00e3o no Recife, Celebra\u00e7\u00e3o e conversa sobre <a href=\"https:\/\/www1.unicap.br\/observatorio2\/?p=8591\" target=\"_blank\" rel=\"noreferrer noopener\">Intoler\u00e2ncia Religiosa<\/a>.<\/li>\n\n\n\n<li>Celebra\u00e7\u00e3o do amor de Sebasti\u00e3o e Madalena &#8211; 25 de janeiro, Santu\u00e1rio das Comunidades em Caruaru, <a href=\"https:\/\/www.facebook.com\/gilbraz.aragao\/posts\/pfbid0kfPrWjsepjtB2oFdHAqU1ADuwSe7extz57oP2c2duUb9KGcXMSzGLoD3PEawVGbml\" target=\"_blank\" rel=\"noreferrer noopener\">celebra\u00e7\u00e3o ecum\u00eanica dos 50 anos de casamento do bispo Dom Sebasti\u00e3o<\/a> Armando Gameleira e sua esposa Dona Madalena Soares.<\/li>\n\n\n\n<li>Laicidade e educa\u00e7\u00e3o &#8211; 5 de fevereiro, programa <a href=\"https:\/\/www.facebook.com\/gilbraz.aragao\/posts\/pfbid0JrfqBBEPX1B6oy2DN2PCNSQuv5DvBqfL5A9LZMv2bcvsEnkL4qA58GqyQzEV39PUl\" target=\"_blank\" rel=\"noreferrer noopener\">Educa\u00e7\u00e3o e Humanidades na R\u00e1dio Universit\u00e1ria<\/a>.<\/li>\n\n\n\n<li>Laicidade nas escolas &#8211; 13 de fevereiro, <a href=\"https:\/\/www.facebook.com\/gilbraz.aragao\/posts\/pfbid0eMKfMQ16vn4MWWSrv56ohAE4VsJYNZbPDG2fucMbBXDSBFvKjpv12nVqBHcguG9fl\" target=\"_blank\" rel=\"noreferrer noopener\">aula inagural da licenciatura em Ci\u00eancias da Religi\u00e3o<\/a> UNICAP.<\/li>\n\n\n\n<li>Brincar pela paz &#8211; 27 de fevereiro, defesa da tese de Raimundo Oliveira no PPGCR-UNICAP, sobre \u201c<a href=\"https:\/\/www1.unicap.br\/observatorio2\/?p=8658\" target=\"_blank\" rel=\"noreferrer noopener\">Paz, Conflito e Viol\u00eancia Escolar<\/a>: estrat\u00e9gias educacionais no Ensino Religioso para promover a cultura de paz\u201d.<\/li>\n\n\n\n<li>Sagrado no museu &#8211; 11 de mar\u00e7o, defesa da disserta\u00e7\u00e3o de Juane Alves no PPGCR-UNICAP, sobre \u201c<a href=\"https:\/\/www1.unicap.br\/observatorio2\/?p=8680\" target=\"_blank\" rel=\"noreferrer noopener\">O sagrado \u00e9 musealiz\u00e1vel?<\/a> Uma an\u00e1lise de Museus de Arte Sacra do Nordeste&#8221;.<\/li>\n\n\n\n<li>Morte e al\u00e9m &#8211; 26 de mar\u00e7o, defesa da tese de Ana Vasconcellos no PPGCR-UNICAP, sobre \u201c<a href=\"https:\/\/www1.unicap.br\/observatorio2\/?p=8697\" target=\"_blank\" rel=\"noreferrer noopener\">Com que roupa eu vou?<\/a> Costurando a rela\u00e7\u00e3o da morte com a Intelig\u00eancia Espiritual pela agulha das Ci\u00eancias da Religi\u00e3o\u201d.<\/li>\n\n\n\n<li>P\u00e1scoa e religi\u00f5es &#8211; 12 de abril, <a href=\"https:\/\/www.facebook.com\/gilbraz.aragao\/posts\/pfbid031mayHXDKhaWCw3QH3UjMyMQDcLS9hshiokJJZ1bgZgsoFHgzLq5EhagdARYz7hC9l\" target=\"_blank\" rel=\"noreferrer noopener\">entrevista na Folha de Pernambuco<\/a>.<\/li>\n\n\n\n<li>Ecoteologia decolonial &#8211; 28 de abril, defesa da disserta\u00e7\u00e3o de Josias Nascimento Jr. no PPGTEO-UNICAP, sobre &#8220;<a href=\"https:\/\/www1.unicap.br\/observatorio2\/?p=8736\" target=\"_blank\" rel=\"noreferrer noopener\">Ecoteologia Crist\u00e3 Decolonial<\/a>&#8220;.<\/li>\n\n\n\n<li>Legado do papa Francisco &#8211; 30 de abril, programa <a href=\"https:\/\/www.facebook.com\/gilbraz.aragao\/posts\/pfbid02rzEKtH8Tnf4CoZSLy46NenA5ptK24BHcK3e8Ljji72h3aySfGbLRAsgH7RVjqa5Ql\" target=\"_blank\" rel=\"noreferrer noopener\">Educa\u00e7\u00e3o e Humanidades na R\u00e1dio Universit\u00e1ria<\/a>.<\/li>\n\n\n\n<li>C\u00e2ntico das Criaturas &#8211; 25 de maio, Convento dos Franciscanos de Olinda, <a href=\"https:\/\/www.facebook.com\/gilbraz.aragao\/posts\/pfbid02akBdp4nXfkdKJX32YBv8ktYkKwQZYqXpzP1g7G8xnPUhvsVPgw4xY9wAh7ZokPirl\" target=\"_blank\" rel=\"noreferrer noopener\">sarau ecum\u00eanico<\/a>.<\/li>\n\n\n\n<li>Papa Le\u00e3o 14 e os rumos da Igreja, 28 de maio, programa <a href=\"https:\/\/www.facebook.com\/gilbraz.aragao\/posts\/pfbid03uyjEoewykRbhbe8qAT7HD7r3y7riynHUVcQaWXv8jnhgJVSidUUSfe93ReYrCZfl\" target=\"_blank\" rel=\"noreferrer noopener\">Opini\u00e3o Pernambuco na TV Universit\u00e1ria<\/a>.<\/li>\n\n\n\n<li>Caminhando com Abra\u00e3o &#8211; 31 de maio, <a href=\"https:\/\/www1.unicap.br\/observatorio2\/?p=8769\" target=\"_blank\" rel=\"noreferrer noopener\">Peripateia das religi\u00f5es<\/a> com Artur Peregrino.<\/li>\n\n\n\n<li>No que a gente acredita &#8211; 4 de junho 18h, Capela da UNICAP, <a href=\"https:\/\/www1.unicap.br\/observatorio2\/?p=8773\" target=\"_blank\" rel=\"noreferrer noopener\">Semana da Unidade Crist\u00e3<\/a>.<\/li>\n\n\n\n<li>Os caminhos do Rio S\u00e3o Francisco &#8211; 13 a 20 de julho, de Juazeiro a Sobradinho, participa\u00e7\u00e3o em <a href=\"https:\/\/www.facebook.com\/gilbraz.aragao\/posts\/pfbid02q6GpEqLYLh1yzkmU1DgCdFXqz2M4xf7o4ENtuHE7yj4qR674wath2bR7UW1Jnqewl\" target=\"_blank\" rel=\"noreferrer noopener\">caminhada por ecologia integral e cidadania<\/a>.<\/li>\n\n\n\n<li>Di\u00e1logo entre Ci\u00eancias da Religi\u00e3o e Psican\u00e1lise &#8211; 13 de agosto 18h, palestra no <a href=\"https:\/\/www.facebook.com\/gilbraz.aragao\/posts\/pfbid0ENgkqZ1g4mJuSRNhd5SxV9GdePewjmvmVfLYBe9m29RC2E21bihCRuWYXfiU9p4Cl\" target=\"_blank\" rel=\"noreferrer noopener\">Grupo de Pesquisa em Psican\u00e1lise e Educa\u00e7\u00e3o<\/a>.<\/li>\n\n\n\n<li>Diversidade e di\u00e1logo &#8211; 21 de agosto 14h, Pal\u00e1cio da Cultura do Cabo, palestra inaugural do <a href=\"https:\/\/www.facebook.com\/gilbraz.aragao\/posts\/pfbid0xCTj8SpnrDHh11F3uFEQcVBvEdnyWJVtF6JpbEpVuvJEVRZimMYJcHD9AHvhsjuHl\" target=\"_blank\" rel=\"noreferrer noopener\">Grupo de Estudos sobre Di\u00e1logos Inter-religiosos do Cabo de Santo Agostinho<\/a>.<\/li>\n\n\n\n<li>Do Observat\u00f3rio ao Parque &#8211; 22 de agosto 14h, audit\u00f3rio G4, participa\u00e7\u00e3o em mesa de mem\u00f3ria na Sess\u00e3o Solene de <a href=\"https:\/\/www.facebook.com\/gilbraz.aragao\/posts\/pfbid0ftV1GwJyK2BNwtSXRNUXyzxW36X7GdrDLVnTH1bQofY4zcSt892x32wB9xFH9CNAl\" target=\"_blank\" rel=\"noreferrer noopener\">Celebra\u00e7\u00e3o dos 20 anos do PPGCR-UNICAP<\/a>.<\/li>\n\n\n\n<li>Di\u00e1logo e fraternidade &#8211; 15 de setembro 16h, audit\u00f3rio 3\u00ba andar do bloco G4 da UNICAP, <a href=\"https:\/\/www.facebook.com\/gilbraz.aragao\/posts\/pfbid02RN9LoJW1XVT9vYKyP7Amp2gFYvSGoKx9d3BK5uFCSbXmucBLz285vu5cvJDDyhDwl\" target=\"_blank\" rel=\"noreferrer noopener\">mesa com o sheikh mu\u00e7ulmano Dr. Mohammad Ali Shomali<\/a>.<\/li>\n\n\n\n<li>Contemporaneidade e religi\u00f5es &#8211; 23 a 27 de setembro, UFPB, <a href=\"https:\/\/www.anptecre.org.br\/congresso2025\" target=\"_blank\" rel=\"noreferrer noopener\">Grupo de Trabalho no Congresso da ANPTECRE<\/a>.<\/li>\n\n\n\n<li>Contra o racismo &#8211; 8 de outubro 13 \u00e0s 17h, sala 317 da UNICAP, <a href=\"https:\/\/www1.unicap.br\/observatorio2\/?p=9000\" target=\"_blank\" rel=\"noreferrer noopener\">prepara\u00e7\u00e3o da 19\u00aa Caminhada dos Terreiros<\/a>.<\/li>\n\n\n\n<li>C\u00e2ntico das Criaturas e m\u00edstica socioambiental &#8211; 9 de outubro das 9 \u00e0s 17h, anfiteatro do bloco G4 da UNICAP, <a href=\"https:\/\/www1.unicap.br\/observatorio2\/?page_id=8862\" target=\"_blank\" rel=\"noreferrer noopener\">semin\u00e1rio anual do Observat\u00f3rio das Religi\u00f5es<\/a>.<\/li>\n\n\n\n<li>Brasil mais plural? &#8211; 10 de outubro 15h, audit\u00f3rio Dom Helder da UNICAP, roda de conversa com Ana Carolina Evangelista, do ISER, sobre os dados de <a href=\"https:\/\/www1.unicap.br\/observatorio2\/?p=9017\" target=\"_blank\" rel=\"noreferrer noopener\">Religi\u00e3o no Censo<\/a>.<\/li>\n\n\n\n<li>Religi\u00f5es e natureza &#8211; 11 de outubro 15h, Recife Antigo, participa\u00e7\u00e3o na <a href=\"https:\/\/www1.unicap.br\/observatorio2\/?p=9000\" target=\"_blank\" rel=\"noreferrer noopener\">Vig\u00edlia pela Terra<\/a>.<\/li>\n\n\n\n<li>Uma porta aberta &#8211; 17 de outubro 13h30, online, participa\u00e7\u00e3o em mesa internacional sobre os <a href=\"https:\/\/www.facebook.com\/gilbraz.aragao\/posts\/pfbid05gi2Apa1hAXNBbGpmfW6wraA1NFL8Bwn2bqFV11kgDxZiGoxwzE7tHEdeDXtHtAQl\" target=\"_blank\" rel=\"noreferrer noopener\">60 anos da Declara\u00e7\u00e3o Nostra Aetate<\/a>.<\/li>\n\n\n\n<li>Turismo religioso &#8211; 29 de outubro 9h, Secretaria de Turismo de Pernambuco, participa\u00e7\u00e3o na reuni\u00e3o da <a href=\"https:\/\/www1.unicap.br\/observatorio2\/?p=9063\" target=\"_blank\" rel=\"noreferrer noopener\">C\u00e2mara do Turismo Religioso<\/a>.<\/li>\n\n\n\n<li>Contra o racismo e pela defesa da soberania nacional &#8211; 3 de novembro 15h, Marco Zero do Recife, participa\u00e7\u00e3o na <a href=\"https:\/\/www1.unicap.br\/observatorio2\/?p=9069\" target=\"_blank\" rel=\"noreferrer noopener\">Caminhada dos Terreiros<\/a>.<\/li>\n\n\n\n<li>Di\u00e1logo inter-religioso e diversidade intercultural &#8211; 3 a 6 de novembro, URCA no Crato-CE, participa\u00e7\u00e3o no <a href=\"https:\/\/www1.unicap.br\/observatorio2\/?p=9078\" target=\"_blank\" rel=\"noreferrer noopener\">II Simp\u00f3sio Internacional de Religi\u00f5es e Espiritualidades<\/a>.<\/li>\n\n\n\n<li>Juda\u00edsmo no terreiro &#8211; 5 de novembro 19h, audit\u00f3rio Dom Helder da UNICAP, exibi\u00e7\u00e3o e debate do <a href=\"https:\/\/www1.unicap.br\/observatorio2\/?p=9050\" target=\"_blank\" rel=\"noreferrer noopener\">document\u00e1rio Sarav\u00e1 Shalom<\/a>.<\/li>\n<\/ul>\n\n\n\n<p><strong>Participa\u00e7\u00e3o em Comiss\u00f5es<\/strong><\/p>\n\n\n\n<p>O Observat\u00f3rio das Religi\u00f5es no Recife, atrav\u00e9s de representa\u00e7\u00f5es dos seus membros, envolve-se ativamente em articula\u00e7\u00f5es e servi\u00e7os,&nbsp;nacionais e regionais,&nbsp;de promo\u00e7\u00e3o do di\u00e1logo e do ecumenismo:<\/p>\n\n\n\n<ul class=\"wp-block-list\">\n<li>Comiss\u00e3o de Pastoral para Ecumenismo e Di\u00e1logo Inter-religioso&nbsp;do&nbsp;<a href=\"https:\/\/www1.unicap.br\/observatorio2\/?p=5234\" target=\"_blank\" rel=\"noreferrer noopener\">Regional Nordeste II da CNNB<\/a>&nbsp;e da&nbsp;<a href=\"http:\/\/www.arquidioceseolindarecife.org\/ecumenismo-e-dialogo-interreligioso\/\" target=\"_blank\" rel=\"noreferrer noopener\">Arquidiocese de Olinda e Recife<\/a>. Participa\u00e7\u00e3o de Gilbraz e Artur.<\/li>\n\n\n\n<li><a href=\"https:\/\/www.facebook.com\/forumdialogos\" target=\"_blank\" rel=\"noreferrer noopener\">F\u00f3rum Di\u00e1logos&nbsp;<\/a>\u2013 Associa\u00e7\u00e3o civil para Promo\u00e7\u00e3o da Diversidade Religiosa em Pernambuco. Participa\u00e7\u00e3o de Rayane e Luca.<\/li>\n\n\n\n<li><a href=\"http:\/\/olma.org.br\/\" target=\"_blank\" rel=\"noreferrer noopener\">Observat\u00f3rio Nacional de Justi\u00e7a Socioambiental Luciano Mendes de Almeida.<\/a>&nbsp;Participa\u00e7\u00e3o de Tha\u00eds e Gilbraz.<\/li>\n\n\n\n<li><a href=\"https:\/\/www1.unicap.br\/observatorio2\/?p=2866\" target=\"_blank\" rel=\"noreferrer noopener\">Observatorio de la Diversidad Religiosa y de las Culturas en Am\u00e9rica Latina y el Caribe<\/a>. Participa\u00e7\u00e3o de Gilbraz.<\/li>\n\n\n\n<li><a href=\"https:\/\/www1.unicap.br\/observatorio2\/?p=5393\" target=\"_blank\" rel=\"noreferrer noopener\">Coalici\u00f3n Religiones, Creencias y Espiritualidades en Di\u00e1logo con la Sociedad Civil<\/a>. Participa\u00e7\u00e3o de Gilbraz e Rayane.<\/li>\n<\/ul>\n\n\n\n<h5 class=\"wp-block-heading has-text-align-right\" id=\"veja-programacoes-anteriores-por-aqui\">VEJA PROGRAMA\u00c7\u00d5ES ANTERIORES POR&nbsp;<a rel=\"noreferrer noopener\" href=\"https:\/\/www1.unicap.br\/observatorio2\/?page_id=40\" target=\"_blank\">AQUI<\/a>.<\/h5>\n\n\n\n<p><\/p>\n\n\n\n<p><\/p>\n\n\n\n<p><\/p>\n\n\n\n<p><\/p>\n","protected":false},"excerpt":{"rendered":"<p>Grupo de Estudo O grupo de estudo sobre Transdisciplinaridade e Di\u00e1logo, coordenado pelo prof. Gilbraz&nbsp;na UNICAP, re\u00fane-se desde 2005, sempre nas&nbsp;quartas-feiras&nbsp;das 17 \u00e0s 18h, e a partir de 2020 de forma online. O Grupo \u00e9 aberto \u00e0 participa\u00e7\u00e3o de pesquisadores, orientandos de doutorado e mestrado, al\u00e9m de militantes do di\u00e1logo inter-religioso. Os membros que est\u00e3o&#8230; <\/p>\n<div class=\"link-more\"><a href=\"https:\/\/www1.unicap.br\/observatorio2\/?page_id=8801\">Leia mais<\/a><\/div>\n","protected":false},"author":2,"featured_media":0,"parent":0,"menu_order":0,"comment_status":"closed","ping_status":"closed","template":"","meta":{"footnotes":""},"class_list":["post-8801","page","type-page","status-publish","hentry"],"_links":{"self":[{"href":"https:\/\/www1.unicap.br\/observatorio2\/index.php?rest_route=\/wp\/v2\/pages\/8801","targetHints":{"allow":["GET"]}}],"collection":[{"href":"https:\/\/www1.unicap.br\/observatorio2\/index.php?rest_route=\/wp\/v2\/pages"}],"about":[{"href":"https:\/\/www1.unicap.br\/observatorio2\/index.php?rest_route=\/wp\/v2\/types\/page"}],"author":[{"embeddable":true,"href":"https:\/\/www1.unicap.br\/observatorio2\/index.php?rest_route=\/wp\/v2\/users\/2"}],"replies":[{"embeddable":true,"href":"https:\/\/www1.unicap.br\/observatorio2\/index.php?rest_route=%2Fwp%2Fv2%2Fcomments&post=8801"}],"version-history":[{"count":20,"href":"https:\/\/www1.unicap.br\/observatorio2\/index.php?rest_route=\/wp\/v2\/pages\/8801\/revisions"}],"predecessor-version":[{"id":9086,"href":"https:\/\/www1.unicap.br\/observatorio2\/index.php?rest_route=\/wp\/v2\/pages\/8801\/revisions\/9086"}],"wp:attachment":[{"href":"https:\/\/www1.unicap.br\/observatorio2\/index.php?rest_route=%2Fwp%2Fv2%2Fmedia&parent=8801"}],"curies":[{"name":"wp","href":"https:\/\/api.w.org\/{rel}","templated":true}]}}