{"id":31,"date":"2011-02-07T21:23:57","date_gmt":"2011-02-07T21:23:57","guid":{"rendered":"https:\/\/www1.unicap.br\/observatorio2\/?page_id=31"},"modified":"2025-12-16T18:12:37","modified_gmt":"2025-12-16T21:12:37","slug":"publicacoes","status":"publish","type":"page","link":"https:\/\/www1.unicap.br\/observatorio2\/?page_id=31","title":{"rendered":"Publica\u00e7\u00f5es"},"content":{"rendered":"\n<p class=\"has-text-align-left\">Nosso Observat\u00f3rio pretende gerar uma s\u00e9rie de publica\u00e7\u00f5es eletr\u00f4nicas e um centro virtual de documenta\u00e7\u00e3o sobre as religi\u00f5es do Recife e os seus encontros\/desencontros. Uma cole\u00e7\u00e3o est\u00e1 sendo editada para prestar contas dos primeiros anos de pesquisa da nossa equipe \u00e0 comunidade acad\u00eamica e \u00e0 sociedade pernambucana. Abaixo compartilhamos tamb\u00e9m outros Livros que resultaram de pesquisas do nosso Grupo e alguns n\u00fameros de Revistas assumidos pelo Observat\u00f3rio, al\u00e9m dos Anais de Congressos onde se reuniu o nosso Grupo de Pesquisa&nbsp;Espiritualidades, Pluralidade e Di\u00e1logo.<\/p>\n\n\n\n<p class=\"has-text-align-center\">&#8211; o &#8211;<\/p>\n\n\n\n<h1 class=\"wp-block-heading\">Cartilhas<\/h1>\n\n\n\n<p><\/p>\n\n\n\n<h2 class=\"wp-block-heading\">LACERDA, Lu\u00eds Felipe et al. As religi\u00f5es e a natureza.<\/h2>\n\n\n<div class=\"wp-block-image\">\n<figure class=\"alignright size-full is-resized\"><img loading=\"lazy\" decoding=\"async\" width=\"450\" height=\"655\" src=\"https:\/\/www1.unicap.br\/observatorio2\/wp-content\/uploads\/2023\/08\/370315782_10228002187593430_7083590421793346226_n.jpg\" alt=\"\" class=\"wp-image-7842\" style=\"width:202px;height:294px\" srcset=\"https:\/\/www1.unicap.br\/observatorio2\/wp-content\/uploads\/2023\/08\/370315782_10228002187593430_7083590421793346226_n.jpg 450w, https:\/\/www1.unicap.br\/observatorio2\/wp-content\/uploads\/2023\/08\/370315782_10228002187593430_7083590421793346226_n-206x300.jpg 206w\" sizes=\"auto, (max-width: 450px) 100vw, 450px\" \/><\/figure>\n<\/div>\n\n\n<p>S\u00e3o Leopoldo: Casa Leiria, 2023.<\/p>\n\n\n\n<p>Qual o lugar da Natureza nas diferentes religi\u00f5es e cosmologias? Como tais perspectivas podem nos auxiliar na repactua\u00e7\u00e3o relacional do Ser Humano com a Natureza, visando a constru\u00e7\u00e3o de uma sociedade mais saud\u00e1vel? Como podemos alargar nossa compreens\u00e3o sobre a Natureza, ao ponto de<br>compreend\u00ea-la enquanto organismo vivo, sujeito de Direito? E quanto a dimens\u00e3o do sagrado pode nos auxiliar neste exerc\u00edcio? Estas s\u00e3o algumas das perguntas que guiaram a constru\u00e7\u00e3o do livro que chega at\u00e9 voc\u00ea, produzido a partir de um curso de extens\u00e3o que congregou o di\u00e1logo entre 18 lideran\u00e7as religiosas do Brasil. A iniciativa \u00e9 da C\u00e1tedra Laudato Si\u2019 e do Observat\u00f3rio das Religi\u00f5es do Recife, ambos da Universidade Cat\u00f3lica de Pernambuco (UNICAP), com apoio do IHU UNICAP, OLMA e do F\u00f3rum Di\u00e1logos da Diversidade Religiosa de Recife.<\/p>\n\n\n\n<p>Leia e baixe o livrinho por <a rel=\"noreferrer noopener\" href=\"http:\/\/www.guaritadigital.com.br\/casaleiria\/olma\/asreligioeseanatureza\/index.html\" target=\"_blank\">aqui<\/a>.<\/p>\n\n\n\n<h2 class=\"wp-block-heading\"><a href=\"https:\/\/www1.unicap.br\/observatorio2\/wp-content\/uploads\/2023\/04\/Captura-de-tela-2023-04-29-172936.jpg\"><img loading=\"lazy\" decoding=\"async\" class=\"alignleft wp-image-7572 size-medium\" src=\"https:\/\/www1.unicap.br\/observatorio2\/wp-content\/uploads\/2023\/04\/Captura-de-tela-2023-04-29-172936-300x213.jpg\" alt=\"\" width=\"300\" height=\"213\" srcset=\"https:\/\/www1.unicap.br\/observatorio2\/wp-content\/uploads\/2023\/04\/Captura-de-tela-2023-04-29-172936-300x213.jpg 300w, https:\/\/www1.unicap.br\/observatorio2\/wp-content\/uploads\/2023\/04\/Captura-de-tela-2023-04-29-172936-1024x728.jpg 1024w, https:\/\/www1.unicap.br\/observatorio2\/wp-content\/uploads\/2023\/04\/Captura-de-tela-2023-04-29-172936-422x300.jpg 422w, https:\/\/www1.unicap.br\/observatorio2\/wp-content\/uploads\/2023\/04\/Captura-de-tela-2023-04-29-172936.jpg 1099w\" sizes=\"auto, (max-width: 300px) 100vw, 300px\" \/><\/a>BELARMINO, Alef et al. Cartilha de Combate \u00e0 Intoler\u00e2ncia Religiosa no Recife.<\/h2>\n\n\n\n<p>Recife: Observat\u00f3rio Transdisciplinar das Religi\u00f5es no Recife, 2023.<\/p>\n\n\n\n<p>O livrinho esclarece conceitos e atitudes muito importantes pra gente enfrentar a intoler\u00e2ncia e promover o respeito \u00e0 diversidade religiosa em nossa regi\u00e3o. Traz reflex\u00f5es sobre Liberdade Religiosa (que n\u00e3o \u00e9 sin\u00f4nimo de um pretenso direito absoluto ao proselitismo), avan\u00e7a no aprofundamento sobre o que \u00e9 Diversidade Religiosa, Intoler\u00e2ncia Religiosa e Racismo Religioso; apresenta as discuss\u00f5es sobre a Laicidade do Estado e o Di\u00e1logo Inter-religioso, al\u00e9m de cartografar um Mapa Tem\u00e1tico de Den\u00fancias e Enfrentamentos e indicar os Canais de Den\u00fancia sobre a intoler\u00e2ncia na Regi\u00e3o Metropolitana do Recife.<\/p>\n\n\n\n<p>Baixe a cartilha por <a href=\"https:\/\/www1.unicap.br\/observatorio2\/wp-content\/uploads\/2023\/04\/Cartilha-Combate-Intolerancia-1.pdf\" target=\"_blank\" rel=\"noopener\">aqui<\/a>.<\/p>\n\n\n\n<h2 class=\"wp-block-heading\"><a href=\"https:\/\/www1.unicap.br\/observatorio2\/wp-content\/uploads\/2022\/08\/Captura-de-tela-2022-08-21-190512-1.jpg\"><img loading=\"lazy\" decoding=\"async\" class=\"alignright wp-image-7123 size-medium\" src=\"https:\/\/www1.unicap.br\/observatorio2\/wp-content\/uploads\/2022\/08\/Captura-de-tela-2022-08-21-190512-1-212x300.jpg\" alt=\"\" width=\"212\" height=\"300\" srcset=\"https:\/\/www1.unicap.br\/observatorio2\/wp-content\/uploads\/2022\/08\/Captura-de-tela-2022-08-21-190512-1-212x300.jpg 212w, https:\/\/www1.unicap.br\/observatorio2\/wp-content\/uploads\/2022\/08\/Captura-de-tela-2022-08-21-190512-1.jpg 415w\" sizes=\"auto, (max-width: 212px) 100vw, 212px\" \/><\/a>ARAG\u00c3O, Gilbraz; CARVALHO, Ad\u00e9lia e SARTORI, Cl\u00e1udio. O tesouro dos mais velhos.<\/h2>\n\n\n\n<p>Recife: Observat\u00f3rio Transdisciplinar das Religi\u00f5es no Recife, 2022.<\/p>\n\n\n\n<p>Em homenagem a Ad\u00e9lia Carvalho e como presente para as novas gera\u00e7\u00f5es, digitalizamos e reeditamos o livrinho \u201cO tesouro dos mais velhos\u201d, sobre a experi\u00eancia de Deus do povo da B\u00edblia ou dos nossos irm\u00e3os mais velhos na f\u00e9, que ela produziu com o professor Gilbraz e o padre Cl\u00e1udio Sartori, com muito sucesso. Quem era o Deus no qual acreditava o povo de Jesus? Qual a rela\u00e7\u00e3o dessa \u201cimagem\u201d de Deus com a hist\u00f3ria do povo? Que inspira\u00e7\u00e3o essa experi\u00eancia pode trazer para as comunidades crist\u00e3s de hoje? Esse livrinho, ricamente ilustrado por Ad\u00e9lia, quer ajudar a responder a essas quest\u00f5es, quer ajudar na atualiza\u00e7\u00e3o da mensagem do Antigo Testamento \u2013 que \u00e9 refer\u00eancia tanto para os seguidores de Jesus Cristo, como tamb\u00e9m para o seu povo judeu e os irm\u00e3os mu\u00e7ulmanos.<\/p>\n\n\n\n<p>Baixe a cartilha por <a href=\"https:\/\/www1.unicap.br\/observatorio2\/wp-content\/uploads\/2022\/08\/livrinho-Adelia.pdf\" target=\"_blank\" rel=\"noopener\">aqui<\/a>.<\/p>\n\n\n\n<h2 class=\"wp-block-heading\"><a href=\"https:\/\/www1.unicap.br\/observatorio2\/wp-content\/uploads\/2021\/11\/Captura-de-tela-2021-11-22-101527.jpg\"><img loading=\"lazy\" decoding=\"async\" class=\"alignleft size-medium wp-image-6503\" src=\"https:\/\/www1.unicap.br\/observatorio2\/wp-content\/uploads\/2021\/11\/Captura-de-tela-2021-11-22-101527-300x176.jpg\" alt=\"\" width=\"300\" height=\"176\" srcset=\"https:\/\/www1.unicap.br\/observatorio2\/wp-content\/uploads\/2021\/11\/Captura-de-tela-2021-11-22-101527-300x176.jpg 300w, https:\/\/www1.unicap.br\/observatorio2\/wp-content\/uploads\/2021\/11\/Captura-de-tela-2021-11-22-101527-1024x600.jpg 1024w, https:\/\/www1.unicap.br\/observatorio2\/wp-content\/uploads\/2021\/11\/Captura-de-tela-2021-11-22-101527-512x300.jpg 512w, https:\/\/www1.unicap.br\/observatorio2\/wp-content\/uploads\/2021\/11\/Captura-de-tela-2021-11-22-101527.jpg 1261w\" sizes=\"auto, (max-width: 300px) 100vw, 300px\" \/><\/a>Di\u00e1logo Inter-religioso. Coordena\u00e7\u00e3o: Tha\u00eds Chianca B. R. do Valle e Mariano Vicente.<\/h2>\n\n\n\n<p>S\u00e3o Leopolgo: Casa Leiria, 2021.<\/p>\n\n\n\n<p>Os autores s\u00e3o Ad\u00e9lia Oliveira de Carvalho, Ana Cristina Rodrigues de Vasconcellos, Gilbraz de Souza Arag\u00e3o, Gustavo Albuquerque, Maria Edjane Paix\u00e3o, Maria L\u00facia Gomes dos Prazeres, Mariano Vicente e Tha\u00eds Chianca B. R. do Valle. A bela capa \u00e9 uma obra de arte da irm\u00e3 salesiana e artista da caminhada Ad\u00e9lia Carvalho, e a editora\u00e7\u00e3o da Cartilha, que \u00e9 bem did\u00e1tica e sair\u00e1 em papel mas tamb\u00e9m como ebook, foi coordenada por Mariano Vicente e Tha\u00eds Chianca. Ela entrela\u00e7a sete temas: Di\u00e1logo Inter-religioso, Fundamentalismo, M\u00edstica Inter-religiosa, \u00c9tica Global e Religi\u00f5es, Liberdade religiosa, Laicidade do Estado e Pluralidade Religiosa Brasileira. Em cada tema, traz uma sequ\u00eancia de se\u00e7\u00f5es para ir organizando o pensamento: O que \u00e9 (quest\u00f5es e din\u00e2micas envolvidas na tem\u00e1tica), Contextualizando (fatos e fotos que ilustram os desafios e questionamentos), Interagindo (sugest\u00f5es de relacionamento com viv\u00eancias e experi\u00eancias de vida), Mobilizando (conhecimentos e habilidades para envolver pessoas e grupos em atitudes cr\u00edticas e construtivas) e Conectando (audiovisuais para saber mais e seguir aprofundando o estudo).<\/p>\n\n\n\n<p>Leia ou baixe a cartilha por <a href=\"http:\/\/www.guaritadigital.com.br\/casaleiria\/olma\/cartilhaspedagogicas\/v3\/16\/index.html\" target=\"_blank\" rel=\"noopener\">aqui<\/a>.<\/p>\n\n\n\n<h2 class=\"wp-block-heading\"><a href=\"https:\/\/www1.unicap.br\/observatorio2\/wp-content\/uploads\/2020\/09\/Anotacao-2020-09-05-163031.jpg\"><img loading=\"lazy\" decoding=\"async\" class=\"alignright size-medium wp-image-5599\" src=\"https:\/\/www1.unicap.br\/observatorio2\/wp-content\/uploads\/2020\/09\/Anotacao-2020-09-05-163031-300x298.jpg\" alt=\"\" width=\"300\" height=\"298\" srcset=\"https:\/\/www1.unicap.br\/observatorio2\/wp-content\/uploads\/2020\/09\/Anotacao-2020-09-05-163031-300x298.jpg 300w, https:\/\/www1.unicap.br\/observatorio2\/wp-content\/uploads\/2020\/09\/Anotacao-2020-09-05-163031-150x150.jpg 150w, https:\/\/www1.unicap.br\/observatorio2\/wp-content\/uploads\/2020\/09\/Anotacao-2020-09-05-163031-302x300.jpg 302w, https:\/\/www1.unicap.br\/observatorio2\/wp-content\/uploads\/2020\/09\/Anotacao-2020-09-05-163031.jpg 600w\" sizes=\"auto, (max-width: 300px) 100vw, 300px\" \/><\/a>ARAG\u00c3O, G. Di\u00e1logo inter-religioso: impasses e passos.<\/h2>\n\n\n\n<p>Bras\u00edlia: OLMA, 2020.<\/p>\n\n\n\n<p>O Observat\u00f3rio Nacional de Justi\u00e7a Socioambiental dos Jesu\u00edtas (OLMA) publica uma s\u00e9rie chamada Lendo e Refletindo: cartilhas escritas por pessoas que s\u00e3o refer\u00eancias nas \u00e1reas socioambientais e espirituais, compartilhando em linguagem simples um apanhado dos seus pensamentos e pr\u00e1ticas atuais. O p\u00fablico alvo s\u00e3o grupos de estudo e engajamento na interface da religiosidade progressista com os direitos humanos integrais. Os \u00faltimos temas abordados foram \u201cA nova normalidade depois da pandemia\u201d e \u201cTerras ind\u00edgenas e territ\u00f3rios quilombolas\u201d. E a d\u00e9cima segunda edi\u00e7\u00e3o da s\u00e9rie, que acaba de sair, traz a tem\u00e1tica \u201cDi\u00e1logo inter-religioso: impasses e passos\u201d, e foi escrita pelo professor Gilbraz, coordenador do nosso Observat\u00f3rio das Religi\u00f5es no Recife. Termina oferecendo o testemunho da caminhada do pr\u00f3prio Observat\u00f3rio, mas come\u00e7a mapeando os desafios do di\u00e1logo entre as tradi\u00e7\u00f5es religiosas, bem como nas fronteiras das experi\u00eancias tr\u00e2nsfugas de f\u00e9 e convic\u00e7\u00e3o mais pessoais. Al\u00e9m disso, recupera um pouco da hist\u00f3ria da busca moderna pelo di\u00e1logo, apontando os seus novos horizontes te\u00f3ricos e pr\u00e1ticos.<\/p>\n\n\n\n<p>Baixe a cartilha por <a href=\"https:\/\/olma.org.br\/wp-content\/uploads\/2020\/09\/lendo-OLMA-gilbraz_compressed.pdf\" target=\"_blank\" rel=\"noopener\">aqui<\/a>.<\/p>\n\n\n\n<p class=\"has-text-align-center\">&#8211; o &#8211;<\/p>\n\n\n\n<h1 class=\"wp-block-heading\">S\u00e9rie Espiritualidades, transdisciplinaridade e di\u00e1logo<\/h1>\n\n\n\n<p><\/p>\n\n\n\n<h2 class=\"wp-block-heading\">ARAG\u00c3O, G. e VICENTE, M. (Orgs.). Espiritualidades, transdisciplinaridade e di\u00e1logo &#8211; vol. 5: M\u00edsticas e justi\u00e7a socioambiental.<\/h2>\n\n\n\n<p>Recife: Observat\u00f3rio Transdisciplinar das Religi\u00f5es no Recife &#8211; UNICAP, 2025.<\/p>\n\n\n<div class=\"wp-block-image\">\n<figure class=\"alignright size-full is-resized\"><img loading=\"lazy\" decoding=\"async\" width=\"436\" height=\"589\" src=\"https:\/\/www1.unicap.br\/observatorio2\/wp-content\/uploads\/2025\/12\/Captura-de-tela-2025-12-16-174733.jpg\" alt=\"\" class=\"wp-image-9127\" style=\"aspect-ratio:0.7402564747296958;width:243px;height:auto\" srcset=\"https:\/\/www1.unicap.br\/observatorio2\/wp-content\/uploads\/2025\/12\/Captura-de-tela-2025-12-16-174733.jpg 436w, https:\/\/www1.unicap.br\/observatorio2\/wp-content\/uploads\/2025\/12\/Captura-de-tela-2025-12-16-174733-222x300.jpg 222w\" sizes=\"auto, (max-width: 436px) 100vw, 436px\" \/><\/figure>\n<\/div>\n\n\n<p>Este \u00e9 o quinto e-book da s\u00e9rie Espiritualidades, transdisciplinaridade e di\u00e1logo, onde o nosso Observat\u00f3rio Transdisciplinar das Religi\u00f5es no Recife vai compartilhando os seus estudos e pesquisas na \u00e1rea do di\u00e1logo inter-religioso. O Observat\u00f3rio, que completa 20 anos em 2025, \u00e9 um site no portal da Universidade Cat\u00f3lica de Pernambuco (UNICAP), que agrega pesquisas acad\u00eamicas e interven\u00e7\u00f5es pedag\u00f3gicas em torno do encontro entre religi\u00f5es, com aten\u00e7\u00e3o para as causas de justi\u00e7a socioambiental e para as m\u00edsticas transreligiosas que est\u00e3o entre e para al\u00e9m das tradi\u00e7\u00f5es espirituais da humanidade. Ent\u00e3o, o livro \u00e9 um registro dos estudos relacionados a tais envolvimentos e os textos se articulam em torno da tem\u00e1tica \u201cM\u00edsticas e justi\u00e7a socioambiental\u201d, que inspiraram o Semin\u00e1rio organizado na UNICAP em outubro de 2025. Esse encontro anual do Observat\u00f3rio refletiu sobre o servi\u00e7o \u00e0 f\u00e9 esclarecida, o trabalho de uni\u00e3o das religi\u00f5es em torno da justi\u00e7a socioambiental, do respeito \u00e0 integridade da Cria\u00e7\u00e3o, junto com a promo\u00e7\u00e3o do desenvolvimento das ci\u00eancias \u2013 que tamb\u00e9m evoluem, e reconectam transdisciplinarmente as culturas humanas com a natureza e o al\u00e9m.&nbsp;Aos textos apresentados no Semin\u00e1rio juntaram-se outros, refletindo pesquisas correlatas do Grupo, de forma que o e-book sai enriquecido com tr\u00eas se\u00e7\u00f5es: M\u00edsticas, Metodologias Dil\u00f3gicas e A\u00e7\u00f5es Socioambientais: boa leitura e bons engajamentos!<\/p>\n\n\n\n<p>Baixe o livro por <a href=\"https:\/\/www1.unicap.br\/observatorio2\/wp-content\/uploads\/2025\/12\/e-book-Misticas-e-justica-socioambiental-1.pdf\" target=\"_blank\" rel=\"noreferrer noopener\">aqui<\/a>.<span style=\"color: #ffffff;\">.<\/span><\/p>\n\n\n\n<h2 class=\"wp-block-heading\"><a href=\"https:\/\/www1.unicap.br\/observatorio2\/wp-content\/uploads\/2023\/07\/Captura-de-tela-2023-07-03-211543.jpg\"><img loading=\"lazy\" decoding=\"async\" class=\"wp-image-7735 size-medium alignleft\" src=\"https:\/\/www1.unicap.br\/observatorio2\/wp-content\/uploads\/2023\/07\/Captura-de-tela-2023-07-03-211543-218x300.jpg\" alt=\"\" width=\"218\" height=\"300\" srcset=\"https:\/\/www1.unicap.br\/observatorio2\/wp-content\/uploads\/2023\/07\/Captura-de-tela-2023-07-03-211543-218x300.jpg 218w, https:\/\/www1.unicap.br\/observatorio2\/wp-content\/uploads\/2023\/07\/Captura-de-tela-2023-07-03-211543.jpg 576w\" sizes=\"auto, (max-width: 218px) 100vw, 218px\" \/><\/a>ARAG\u00c3O, G. e VICENTE, M. (Orgs.). Espiritualidades, transdisciplinaridade e di\u00e1logo &#8211; vol. 4: M\u00edstica e morte.<\/h2>\n\n\n\n<p>Recife: Observat\u00f3rio Transdisciplinar das Religi\u00f5es no Recife &#8211; UNICAP, 2023.<\/p>\n\n\n\n<p><span style=\"font-weight: 400;\">Este \u00e9 o quarto e-book da s\u00e9rie <\/span><b>Espiritualidades, transdisciplinaridade e di\u00e1logo<\/b><span style=\"font-weight: 400;\">, onde o nosso Observat\u00f3rio Transdisciplinar das Religi\u00f5es no Recife vai compartilhando os seus estudos e pesquisas na \u00e1rea do di\u00e1logo inter-religioso. O presente volume apresenta, sobretudo para educadores interessados nos estudos de religi\u00e3o, as pesquisas mais recentes da equipe do Observat\u00f3rio, seja em seus projetos de p\u00f3s-gradua\u00e7\u00e3o, seja no grupo de estudo comum. Elas foram articuladas em dois grandes blocos: <\/span><b>m\u00edstica e pol\u00edtica<\/b><span style=\"font-weight: 400;\">, que traz textos mais desenvolvidos e aprofundados sobre as novas fronteiras da espiritualidade humana; e <\/span><b>morte e al\u00e9m<\/b><span style=\"font-weight: 400;\">, com resumos mais did\u00e1ticos da vis\u00e3o de transcend\u00eancia nas principais tradi\u00e7\u00f5es religiosas da regi\u00e3o. Com certeza, este livro interessa aos professores do Ensino Religioso e a todos que se iniciam na compreens\u00e3o da pluralidade de experi\u00eancias de f\u00e9 e descentramento existencial do nosso povo.<\/span><\/p>\n\n\n\n<p>Baixe o livro por <a href=\"https:\/\/www1.unicap.br\/observatorio2\/wp-content\/uploads\/2023\/07\/e-book-MISTICA-E-MORTE_Espiritualidades-Transdisciplinaridade-e-Dialogo-4-1.pdf\" target=\"_blank\" rel=\"noopener\">aqui<\/a>.<\/p>\n\n\n\n<h2 class=\"wp-block-heading\"><span style=\"color: revert; font-size: revert; font-weight: revert;\"><a href=\"https:\/\/www1.unicap.br\/observatorio2\/wp-content\/uploads\/2021\/02\/Captura-de-tela-2020-11-09-072129.jpg\"><img loading=\"lazy\" decoding=\"async\" class=\"alignright wp-image-5894 size-medium\" src=\"https:\/\/www1.unicap.br\/observatorio2\/wp-content\/uploads\/2021\/02\/Captura-de-tela-2020-11-09-072129-209x300.jpg\" alt=\"\" width=\"209\" height=\"300\" srcset=\"https:\/\/www1.unicap.br\/observatorio2\/wp-content\/uploads\/2021\/02\/Captura-de-tela-2020-11-09-072129-209x300.jpg 209w, https:\/\/www1.unicap.br\/observatorio2\/wp-content\/uploads\/2021\/02\/Captura-de-tela-2020-11-09-072129.jpg 391w\" sizes=\"auto, (max-width: 209px) 100vw, 209px\" \/><\/a>ARAG\u00c3O, G. e VICENTE, M. (Orgs.). Espiritualidades, transdisciplinaridade e di\u00e1logo &#8211; vol. 3: Desafios dos fundamentalismos.<\/span><\/h2>\n\n\n\n<p>Recife: Observat\u00f3rio Transdisciplinar das Religi\u00f5es no Recife &#8211; UNICAP, 2020.<\/p>\n\n\n\n<p>\u201cDesafios dos fundamentalismos\u201d entra na s\u00e9rie \u201cEspiritualidades, transdisciplinaridade e di\u00e1logo\u201d, que vem recolhendo a produ\u00e7\u00e3o acad\u00eamica do Observat\u00f3rio Transdisciplinar das Religi\u00f5es no Recife, com sede na Universidade Cat\u00f3lica de Pernambuco. Este volume traz os textos recolhidos para o III Semin\u00e1rio do <a href=\"https:\/\/espdialogo.wordpress.com\/\" target=\"_blank\" rel=\"noreferrer noopener\">Grupo de Pesquisa \u201cEspiritualidades Contempor\u00e2neas, Pluralidade Religiosa e Di\u00e1logo\u201d<\/a>, e pretende subsidiar os debates desse evento, almejando contextualizar uma onda de religiosidade reacion\u00e1ria, buscando aprofundar o seu significado e apontar pistas para a sua terapeutiza\u00e7\u00e3o, desde um princ\u00edpio te\u00f3rico pluralista e dialogal.<\/p>\n\n\n\n<p>Baixe o livro por <a href=\"https:\/\/www1.unicap.br\/observatorio2\/wp-content\/uploads\/2020\/11\/E-book-Desafios-dos-Fundamentalismos_Gilbraz-Aragao-e-Mariano-Vicente-1.pdf\" target=\"_blank\" rel=\"noopener\">aqui<\/a>.<\/p>\n\n\n\n<h2 class=\"wp-block-heading\"><a href=\"https:\/\/www1.unicap.br\/observatorio2\/wp-content\/uploads\/2018\/08\/capa-lv.jpg\"><img loading=\"lazy\" decoding=\"async\" class=\"size-medium wp-image-4330 alignleft\" src=\"https:\/\/www1.unicap.br\/observatorio2\/wp-content\/uploads\/2018\/08\/capa-lv-217x300.jpg\" alt=\"\" width=\"217\" height=\"300\" srcset=\"https:\/\/www1.unicap.br\/observatorio2\/wp-content\/uploads\/2018\/08\/capa-lv-217x300.jpg 217w, https:\/\/www1.unicap.br\/observatorio2\/wp-content\/uploads\/2018\/08\/capa-lv.jpg 461w\" sizes=\"auto, (max-width: 217px) 100vw, 217px\" \/><\/a>ARAG\u00c3O, G. e VICENTE, M. (Orgs.). Espiritualidades, transdisciplinaridade e di\u00e1logo &#8211; vol. 2 (e-book).<\/h2>\n\n\n\n<p>Recife: Observat\u00f3rio Transdisciplinar das Religi\u00f5es no Recife &#8211; UNICAP, 2018.<\/p>\n\n\n\n<p>Com mais de quatrocentas p\u00e1ginas, este \u00e9 o segundo volume da colet\u00e2nea \u201cEspiritualidades, transdisciplinaridade e di\u00e1logo\u201d, uma s\u00e9rie de e-books aonde o nosso Observat\u00f3rio Transdisciplinar das Religi\u00f5es no Recife vai compartilhando os seus estudos e pesquisas na \u00e1rea do di\u00e1logo inter-religioso. Estas s\u00e3o as tem\u00e1ticas do livro: Transdisciplinaridade e di\u00e1logo inter-religioso no Recife, Novos movimentos religiosos: reinventando o velho sagrado (Uma breve hist\u00f3ria do reconstrucionismo pag\u00e3o b\u00e1ltico, Afox\u00e9: a espiritualidade expressa em dan\u00e7a e m\u00fasica), Di\u00e1logos trans-religiosos: outras tecnologias, novas espiritualidades? (Transdisciplinaridade, ciberpsicologia e jogos digitais: o sagrado em di\u00e1logo, A igreja cat\u00f3lica e a Internet), Di\u00e1logos entre religi\u00f5es: hist\u00f3ria e geografia (Religi\u00f5es abra\u00e2micas, semelhan\u00e7as e diferen\u00e7as, Geografia da religi\u00e3o, (des)encontros entre espa\u00e7os sagrados, O processo da transmuta\u00e7\u00e3o entre as religi\u00f5es), Transforma\u00e7\u00f5es religiosas no brasil: para al\u00e9m do censo (Tend\u00eancias do campo religioso brasileiro, O fen\u00f4meno p\u00f3s-pentecostal no Brasil, Espiritismo e sua din\u00e2mica), Direitos humanos e espiritualidades: interfaces (Espiritualidades, Direitos Humanos e suas interfaces, Maracatu estudantil Rainha Adelaide, Direitos Humanos e diversidade religiosa), A f\u00e9 do povo: exerc\u00edcios de religi\u00e3o comparada (Devo\u00e7\u00f5es do Juazeiro, entre as romarias e o turismo, Ibiapina: o advogado, o mission\u00e1rio e o padre-mestre, Religi\u00e3o do fogo e das festas, Da evangeliza\u00e7\u00e3o do popular \u00e0 evangeliza\u00e7\u00e3o pelo popular), O sagrado dos artistas: entre simb\u00f3lico e diab\u00f3lico (Arte e religi\u00e3o em Roberto Van der Ploeg, Ciranda do Arco-\u00edris: conflu\u00eancias entre beleza e f\u00e9 na arte de Ad\u00e9lia Carvalho), Dom Helder, m\u00edstica e di\u00e1logo com os outros.<\/p>\n\n\n\n<p>Baixe o livro integralmente por <a href=\"https:\/\/www1.unicap.br\/observatorio2\/wp-content\/uploads\/2018\/08\/E-book-Espiritualidades-transdisciplinaridade-e-di\u00e1logo-2_Observat\u00f3rio-das-Religi\u00f5es-no-Recife-1.pdf\" target=\"_blank\" rel=\"noopener noreferrer\">aqui.<\/a><\/p>\n\n\n\n<h2 class=\"wp-block-heading\"><a href=\"https:\/\/www1.unicap.br\/observatorio2\/wp-content\/uploads\/2011\/02\/12066028_916080788481603_1025278683801477179_n.jpg\"><img loading=\"lazy\" decoding=\"async\" class=\"size-medium wp-image-2398 alignright\" src=\"https:\/\/www1.unicap.br\/observatorio2\/wp-content\/uploads\/2011\/02\/12066028_916080788481603_1025278683801477179_n-300x243.jpg\" alt=\"12066028_916080788481603_1025278683801477179_n\" width=\"300\" height=\"243\" srcset=\"https:\/\/www1.unicap.br\/observatorio2\/wp-content\/uploads\/2011\/02\/12066028_916080788481603_1025278683801477179_n-300x243.jpg 300w, https:\/\/www1.unicap.br\/observatorio2\/wp-content\/uploads\/2011\/02\/12066028_916080788481603_1025278683801477179_n.jpg 723w\" sizes=\"auto, (max-width: 300px) 100vw, 300px\" \/><\/a>ARAG\u00c3O, G. e VICENTE, M. (Orgs.). Espiritualidades, transdisciplinaridade e di\u00e1logo &#8211; vol. 1 (e-book).<\/h2>\n\n\n\n<p class=\"has-text-align-left\">Recife: Observat\u00f3rio Transdisciplinar das Religi\u00f5es no Recife &#8211; UNICAP, 2015.<\/p>\n\n\n\n<p class=\"has-text-align-left\">Em suas quase duzentas p\u00e1ginas, a publica\u00e7\u00e3o partilha o trabalho do Grupo de Estudos do professor Gilbraz, apresentando os seguintes cap\u00edtulos: Do transdisciplinar ao transreligioso, Fen\u00f4menos religiosos tradicionais (Pelas m\u00e3os das rezadeiras, Espiritualidade do caminho, Xamanismo no Brasil), Novas configura\u00e7\u00f5es da espiritualidade (Cristianismo e espiritualidade p\u00f3s-metaf\u00edsica, A expans\u00e3o da Wicca, Mensagens da internet e novas vias espirituais, Religiosidade e novos mercados), Educa\u00e7\u00e3o e di\u00e1logos espirituais (Di\u00e1logo inter-religioso nas escolas pernambucanas, Dan\u00e7ando com os orix\u00e1s na escola p\u00fablica, Ensino religioso e cultura audiovisual). Na conclus\u00e3o, o livro apresenta ainda: Uma teologia transreligiosa e libertadora, F\u00e9 crist\u00e3 e espiritualidade transreligiosa.<\/p>\n\n\n\n<p>Leia ou baixe o livro integralmente por <a href=\"https:\/\/issuu.com\/marianovicente\/docs\/e-book_espiritualidades_transdiscip?e=9685843\/31003281\" target=\"_blank\" rel=\"noopener noreferrer\">aqui<\/a>.<\/p>\n\n\n\n<p class=\"has-text-align-center\">&#8211; o &#8211;<\/p>\n\n\n\n<h1 class=\"wp-block-heading\">Livros e cap\u00edtulos<\/h1>\n\n\n\n<p><span style=\"color: #ffffff;\">.<\/span><\/p>\n\n\n\n<h2 class=\"wp-block-heading\"><a href=\"https:\/\/www1.unicap.br\/observatorio2\/wp-content\/uploads\/2020\/11\/Captura-de-tela-2020-11-12-161435.jpg\"><img loading=\"lazy\" decoding=\"async\" class=\"size-medium wp-image-5742 alignright\" src=\"https:\/\/www1.unicap.br\/observatorio2\/wp-content\/uploads\/2020\/11\/Captura-de-tela-2020-11-12-161435-209x300.jpg\" alt=\"\" width=\"209\" height=\"300\" srcset=\"https:\/\/www1.unicap.br\/observatorio2\/wp-content\/uploads\/2020\/11\/Captura-de-tela-2020-11-12-161435-209x300.jpg 209w, https:\/\/www1.unicap.br\/observatorio2\/wp-content\/uploads\/2020\/11\/Captura-de-tela-2020-11-12-161435.jpg 401w\" sizes=\"auto, (max-width: 209px) 100vw, 209px\" \/><\/a>MELO, C. Religi\u00f5es afro-brasileiras: o que pensam os estudantes nas escolas estaduais do Recife.<\/h2>\n\n\n\n<p>Macei\u00f3: Editora Olyver, 2020.<\/p>\n\n\n\n<p>O livro que Constantino est\u00e1 lan\u00e7ando resulta da pesquisa do seu mestrado, que analisou as representa\u00e7\u00f5s sociais das religi\u00f5es afro-brasileiras, apresentadas por estudantes de tr\u00eas Escolas de Refer\u00eancia da Rede P\u00fablica Estadual. As religi\u00f5es afro-brasileiras foram geradas no processo de enfrentamento com o colonizador portugu\u00eas escravocrata, resultando em um processo de reelabora\u00e7\u00e3o e ressignifica\u00e7\u00e3o dos s\u00edmbolos de for\u00e7a e orienta\u00e7\u00e3o culturais de negros e nativos. A avalia\u00e7\u00e3o dos dados coletados foi realizada atrav\u00e9s da an\u00e1lise de discurso, a partir do \u201cconstrucionismo\u201d proposto pela psicologia social, que tem como representantes Moscovici (2010) e Spink (1999). Os resultados contribuem para valorizar a dimens\u00e3o religiosa e espiritual, fortalecendo a concep\u00e7\u00e3o de educa\u00e7\u00e3o cr\u00edtica e emancipadora de estere\u00f3tipos, preconceitos e discrimina\u00e7\u00f5es, e, assim, favorecendo a constru\u00e7\u00e3o de uma sociedade mais justa e democr\u00e1tica, onde a diversidade e o di\u00e1logo inter-religioso possam ser respeitados.<\/p>\n\n\n\n<p>Baixe o livro por <a href=\"https:\/\/59ff462e-2ac9-42a7-a2f7-20d950e930eb.filesusr.com\/ugd\/d6e37b_30d16ac12e9e498db29ba7107be9dc89.pdf\" target=\"_blank\" rel=\"noopener noreferrer\">aqui<\/a>.<\/p>\n\n\n\n<h2 class=\"wp-block-heading\"><a href=\"https:\/\/www1.unicap.br\/observatorio2\/wp-content\/uploads\/2019\/12\/78551560_10218387738758218_568215175304314880_o.jpg\"><img loading=\"lazy\" decoding=\"async\" class=\"alignleft size-medium wp-image-5211\" src=\"https:\/\/www1.unicap.br\/observatorio2\/wp-content\/uploads\/2019\/12\/78551560_10218387738758218_568215175304314880_o-205x300.jpg\" alt=\"\" width=\"205\" height=\"300\" srcset=\"https:\/\/www1.unicap.br\/observatorio2\/wp-content\/uploads\/2019\/12\/78551560_10218387738758218_568215175304314880_o-205x300.jpg 205w, https:\/\/www1.unicap.br\/observatorio2\/wp-content\/uploads\/2019\/12\/78551560_10218387738758218_568215175304314880_o.jpg 656w\" sizes=\"auto, (max-width: 205px) 100vw, 205px\" \/><\/a>PEREGRINO, A. Heran\u00e7a das Reformas: papel de mulheres e homens em 500 anos de hist\u00f3ria.<\/h2>\n\n\n\n<p>S\u00e3o Paulo: Fonte Editorial, 2019.<\/p>\n\n\n\n<p>Jos\u00e9 Artur Tavares de Brito, conhecido nos quatro cantos do mundo como Artur Peregrino, faz jus ao cognome: tanto porque \u00e9 um crist\u00e3o herdeiro da m\u00edstica mission\u00e1ria e caminheira dos conselheiros do Nordeste brasileiro, como porque \u00e9 um acad\u00eamico irrequieto e sempre em busca de novas fronteiras para conhecer e transformar a hist\u00f3ria, unindo assim a poeira dos livros com o p\u00f3 das estradas. Neste seu livro \u201cHeran\u00e7a das Reformas: papel de mulheres e homens em 500 anos de hist\u00f3ria\u201d, Artur faz uso do seu m\u00e9todo peregrino e acorda uma releitura te\u00f3rica, hist\u00f3rica e teol\u00f3gica, da Reforma Protestante, com o ensaio pr\u00e1tico, ecum\u00eanico e reformado, que vem sendo desenvolvido nas andan\u00e7as do seu Grupo de Peregrinas e Peregrinos do Nordeste. Decantam-se, assim, fundamentos antropol\u00f3gicos e l\u00f3gicos, esperan\u00e7osos, para um jeito novo de ser crist\u00e3o.<\/p>\n\n\n\n<p>Leia a apresenta\u00e7\u00e3o do livro por <a href=\"https:\/\/www1.unicap.br\/observatorio2\/wp-content\/uploads\/2019\/12\/para-Artur.pdf\" target=\"_blank\" rel=\"noopener noreferrer\">aqui<\/a>.<\/p>\n\n\n\n<h2 class=\"wp-block-heading\"><a href=\"https:\/\/www1.unicap.br\/observatorio2\/wp-content\/uploads\/2019\/12\/IMG_20191217_211736668-scaled.jpg\"><img loading=\"lazy\" decoding=\"async\" class=\"alignright size-medium wp-image-5210\" src=\"https:\/\/www1.unicap.br\/observatorio2\/wp-content\/uploads\/2019\/12\/IMG_20191217_211736668-215x300.jpg\" alt=\"\" width=\"215\" height=\"300\" srcset=\"https:\/\/www1.unicap.br\/observatorio2\/wp-content\/uploads\/2019\/12\/IMG_20191217_211736668-215x300.jpg 215w, https:\/\/www1.unicap.br\/observatorio2\/wp-content\/uploads\/2019\/12\/IMG_20191217_211736668-733x1024.jpg 733w, https:\/\/www1.unicap.br\/observatorio2\/wp-content\/uploads\/2019\/12\/IMG_20191217_211736668-1099x1536.jpg 1099w, https:\/\/www1.unicap.br\/observatorio2\/wp-content\/uploads\/2019\/12\/IMG_20191217_211736668-1465x2048.jpg 1465w, https:\/\/www1.unicap.br\/observatorio2\/wp-content\/uploads\/2019\/12\/IMG_20191217_211736668-scaled.jpg 1831w\" sizes=\"auto, (max-width: 215px) 100vw, 215px\" \/><\/a>PRAZERES, L. Ter\u00e7a Negra no Recife: narrativas sobre dan\u00e7a, m\u00fasica, espiritualidade e sagrado.<\/h2>\n\n\n\n<p>Recife: Centro do Educador Popular, 2019.<\/p>\n\n\n\n<p>Este livro resulta da pesquisa desenvolvida por Maria L\u00facia Gomes dos Prazeres no Programa de P\u00f3s-gradua\u00e7\u00e3o em Ci\u00eancias da Religi\u00e3o na Universidade Cat\u00f3lica de Pernambuco, onde ela defendeu com brilhantismo uma disserta\u00e7\u00e3o de mestrado sobre o Projeto Cultural Ter\u00e7a Negra. L\u00facia \u00e9 uma guerreira que trabalha com educa\u00e7\u00e3o popular para promover jovens pobres no Recife, uma artista que articula grupos de dan\u00e7a e m\u00fasica para empoderar a gente negra da periferia, uma contadora de hist\u00f3rias que resgata com poesia a for\u00e7a espiritual da cultura afro-negro-pernambucana. Ent\u00e3o, com essa trajet\u00f3ria, ela se lan\u00e7ou em busca da espiritualidade que emerge em um dos maiores eventos pol\u00edtico-culturais do Movimento Negro Unificado de Pernambuco.<\/p>\n\n\n\n<p>Leia a apresenta\u00e7\u00e3o do livro por <a href=\"https:\/\/www1.unicap.br\/observatorio2\/wp-content\/uploads\/2019\/12\/Apresentacao-pra-Lucia.pdf\" target=\"_blank\" rel=\"noopener noreferrer\">aqui<\/a>.<\/p>\n\n\n\n<h2 class=\"wp-block-heading\"><a href=\"https:\/\/www1.unicap.br\/observatorio2\/wp-content\/uploads\/2018\/08\/Capa-Diversidade-religiosa-direitos_MAILSON.jpg\"><img loading=\"lazy\" decoding=\"async\" class=\"size-medium wp-image-4332 alignleft\" src=\"https:\/\/www1.unicap.br\/observatorio2\/wp-content\/uploads\/2018\/08\/Capa-Diversidade-religiosa-direitos_MAILSON-204x300.jpg\" alt=\"\" width=\"204\" height=\"300\" srcset=\"https:\/\/www1.unicap.br\/observatorio2\/wp-content\/uploads\/2018\/08\/Capa-Diversidade-religiosa-direitos_MAILSON-204x300.jpg 204w, https:\/\/www1.unicap.br\/observatorio2\/wp-content\/uploads\/2018\/08\/Capa-Diversidade-religiosa-direitos_MAILSON-697x1024.jpg 697w, https:\/\/www1.unicap.br\/observatorio2\/wp-content\/uploads\/2018\/08\/Capa-Diversidade-religiosa-direitos_MAILSON.jpg 1689w\" sizes=\"auto, (max-width: 204px) 100vw, 204px\" \/><\/a>SOUZA, M. Diversidade religiosa e Direitos Humanos: desafios e perspectivas.<\/h2>\n\n\n\n<p>Recife: Baga\u00e7o, 2018.<\/p>\n\n\n\n<p>Este livro de Mailson Cabral de Souza, fruto de elogiada pesquisa para o seu Mestrado no Programa de P\u00f3s-gradua\u00e7\u00e3o em Ci\u00eancias da Religi\u00e3o da UNICAP, analisa o discurso pol\u00edtico do Comit\u00ea Nacional de Respeito \u00e0 Diversidade Religiosa (CNRDR) e suas implica\u00e7\u00f5es para a promo\u00e7\u00e3o da liberdade e da diversidade religiosa no Brasil. Mailson adotou como marco te\u00f3rico e metodol\u00f3gico a An\u00e1lise de Discurso de linha francesa, pressupondo que a linguagem das atas e notas do Comit\u00ea oculta, mas pode revelar, divis\u00f5es e disputas pol\u00edticas da sociedade. Sua conclus\u00e3o \u00e9 de que a no\u00e7\u00e3o de diversidade resulta muito heterog\u00eanea, dando margem, por exemplo, a que a bandeira da liberdade religiosa seja levantada por bancadas da b\u00edblia para defender o seu proselitismo, ou que grupos religiosos minorit\u00e1rios, como os afro, reivindiquem a criminaliza\u00e7\u00e3o da intoler\u00e2ncia religiosa \u2013 sem que o Estado ainda tenha definido o que \u00e9 mesmo uma religi\u00e3o.<\/p>\n\n\n\n<p>Leia o pref\u00e1cio do livro por <a href=\"https:\/\/www1.unicap.br\/observatorio2\/wp-content\/uploads\/2018\/08\/Mailson.pdf\" target=\"_blank\" rel=\"noopener noreferrer\">aqui<\/a>.<\/p>\n\n\n\n<h2 class=\"wp-block-heading\"><a href=\"https:\/\/www1.unicap.br\/observatorio2\/wp-content\/uploads\/2011\/02\/livrocapa.jpg\"><img loading=\"lazy\" decoding=\"async\" class=\"alignright wp-image-3797 size-medium\" src=\"https:\/\/www1.unicap.br\/observatorio2\/wp-content\/uploads\/2011\/02\/livrocapa-212x300.jpg\" alt=\"\" width=\"212\" height=\"300\" srcset=\"https:\/\/www1.unicap.br\/observatorio2\/wp-content\/uploads\/2011\/02\/livrocapa-212x300.jpg 212w, https:\/\/www1.unicap.br\/observatorio2\/wp-content\/uploads\/2011\/02\/livrocapa.jpg 337w\" sizes=\"auto, (max-width: 212px) 100vw, 212px\" \/><\/a>BEZERRA, K. Wicca no Brasil: magia, ades\u00e3o e perman\u00eancia.<\/h2>\n\n\n\n<p>S\u00e3o Paulo: Fonte Editorial, 2017.<\/p>\n\n\n\n<p>Este \u00e9 um livro sobre a Wicca e trata, pois, do&nbsp;neopaganismo, da bruxaria. Falar de paganismo \u00e9, ao mesmo&nbsp;tempo, um exerc\u00edcio de desconstru\u00e7\u00e3o do imagin\u00e1rio crist\u00e3o&nbsp;vigente em nosso mundo, que associou o habitante dos&nbsp;\u201cpagus\u201d, dos campos, com o praticante das religi\u00f5es&nbsp;ind\u00edgenas da Europa: \u201cpag\u00e3os\u201d, cultuadores das for\u00e7as&nbsp;naturais. Falar de bruxaria, de rituais das sacerdotisas ou&nbsp;\u201cfeiticeiras\u201d dessas religi\u00f5es tradicionais ou primais, traz \u00e0&nbsp;nossa mente o velho dito popular castelhano, que dissimula&nbsp;o contexto inquisitorial onde n\u00e3o se devia acreditar em bruxas&nbsp;&#8211; embora se reconhecesse a sua for\u00e7a m\u00e1gica para a cura&nbsp;e para o desenvolvimento pessoal.&nbsp;O livro A Wicca no Brasil, de Karina Bezerra, trata&nbsp;ent\u00e3o dessas coisas, da recria\u00e7\u00e3o moderna do paganismo e&nbsp;da revoada de bruxas pelo Atl\u00e2ntico.<\/p>\n\n\n\n<p>Leia o pref\u00e1cio do livro por <a href=\"https:\/\/www1.unicap.br\/observatorio2\/wp-content\/uploads\/2011\/02\/livro-karina-finalcortado-1.pdf\" target=\"_blank\" rel=\"noopener noreferrer\">aqui<\/a>.<\/p>\n\n\n\n<h2 class=\"wp-block-heading\"><a href=\"https:\/\/www1.unicap.br\/observatorio2\/wp-content\/uploads\/2011\/02\/19029439_10211533214319391_1998344440497398799_n.jpg\"><img loading=\"lazy\" decoding=\"async\" class=\"wp-image-3548 size-medium alignleft\" src=\"https:\/\/www1.unicap.br\/observatorio2\/wp-content\/uploads\/2011\/02\/19029439_10211533214319391_1998344440497398799_n-212x300.jpg\" alt=\"\" width=\"212\" height=\"300\" srcset=\"https:\/\/www1.unicap.br\/observatorio2\/wp-content\/uploads\/2011\/02\/19029439_10211533214319391_1998344440497398799_n-212x300.jpg 212w, https:\/\/www1.unicap.br\/observatorio2\/wp-content\/uploads\/2011\/02\/19029439_10211533214319391_1998344440497398799_n.jpg 677w\" sizes=\"auto, (max-width: 212px) 100vw, 212px\" \/><\/a>VELOZO, M. F\u00e9 e vida: viva a boa vontade.<\/h2>\n\n\n\n<p>Recife: Edi\u00e7\u00f5es Livro R\u00e1pido, 2017.<\/p>\n\n\n\n<p>Os crist\u00e3os do Recife agradecem ao Grupo da Boa Vontade pela sua hist\u00f3ria, que deve fecundar outras, e agradecemos tamb\u00e9m \u00e0 escriba desse relato, que tem sabor de hist\u00f3ria da salva\u00e7\u00e3o: uma narrativa de pessoas que se retiram do centro de suas vidas, colocando a\u00ed os outros que refletem os desejos de um Grande Outro. Pois bem, j\u00e1 sab\u00edamos que ela era uma santa, pela conviv\u00eancia com Maristela Velozo no Liceu e na Universidade Cat\u00f3lica de Pernambuco, onde colabora sem medidas para a educa\u00e7\u00e3o das novas gera\u00e7\u00f5es do Recife. Mas, com este livro, descobrimos que a santidade dela tem ra\u00edzes e antigas, em uma comunidade viva em que d\u00e1 gosto ser crist\u00e3o.<\/p>\n\n\n\n<p>Leia a apresenta\u00e7\u00e3o do livro por <a href=\"https:\/\/www1.unicap.br\/observatorio2\/wp-content\/uploads\/2011\/02\/Viva-a-Boa-Vontade.pdf\" target=\"_blank\" rel=\"noopener noreferrer\">aqui<\/a>.<\/p>\n\n\n\n<h2 class=\"wp-block-heading\"><span lang=\"ES\"><a href=\"https:\/\/www1.unicap.br\/observatorio2\/wp-content\/uploads\/2011\/02\/Capturar.jpg\"><img loading=\"lazy\" decoding=\"async\" class=\"size-thumbnail wp-image-3606 alignright\" src=\"https:\/\/www1.unicap.br\/observatorio2\/wp-content\/uploads\/2011\/02\/Capturar-150x150.jpg\" alt=\"\" width=\"150\" height=\"150\"><\/a>ARAG\u00c3O, G. Conversaciones sobre diversidad religiosa (III) &#8211;&nbsp;<\/span><span lang=\"ES-CO\">Espiritualidad, transdisciplinariedad y di\u00e1logo.<\/span><\/h2>\n\n\n\n<p>Bogot\u00e1: ODREC\/USBBOG, 2016.<\/p>\n\n\n\n<p>T\u00e9ngase en cuenta que <em>transdisciplinar<\/em> y <em>transreligioso<\/em> son dos t\u00e9rminos claves en la apuesta que hace el autor para fundamentar la l\u00f3gica del <em>tercero incluido<\/em>. Para ello vale la pena remitirse a la Real Academia de la Lengua, para confrontar que se utiliza el prefijo <em>trans<\/em> cuando se quiere hacer referencia a una cosa que est\u00e1 &#8216;al otro lado de&#8217; o &#8216;a trav\u00e9s de&#8217;. En consecuencia, enti\u00e9ndase r\u00e1pidamente por <em>transdisciplinar<\/em> lo que est\u00e1 \u2018a trav\u00e9s de las disciplinas\u2019 y por <em>transreligioso,<\/em> \u2018a trav\u00e9s de las religiones\u2019. Finalmente, infiera el lector otras ideas que complementen el concepto, mientras de paso descubre porqu\u00e9 es posible afirmar que el principio del <em>tercero incluido<\/em> es tambi\u00e9n un fin com\u00fan a todas las religiones.<\/p>\n\n\n\n<p>Baixe a entrevista por <a href=\"https:\/\/www1.unicap.br\/observatorio2\/wp-content\/uploads\/2018\/02\/Espiritualidad-transdisciplinariedad-y-dialogo-texto-Gilbraz.pdf\" target=\"_blank\" rel=\"noopener noreferrer\">aqui<\/a>.<\/p>\n\n\n\n<h2 class=\"wp-block-heading\"><a href=\"https:\/\/www1.unicap.br\/observatorio2\/wp-content\/uploads\/2011\/02\/Scanner_20151029.jpg\"><img loading=\"lazy\" decoding=\"async\" class=\"size-medium wp-image-2400 alignleft\" src=\"https:\/\/www1.unicap.br\/observatorio2\/wp-content\/uploads\/2011\/02\/Scanner_20151029-201x300.jpg\" alt=\"Scanner_20151029\" width=\"201\" height=\"300\" srcset=\"https:\/\/www1.unicap.br\/observatorio2\/wp-content\/uploads\/2011\/02\/Scanner_20151029-201x300.jpg 201w, https:\/\/www1.unicap.br\/observatorio2\/wp-content\/uploads\/2011\/02\/Scanner_20151029-688x1024.jpg 688w, https:\/\/www1.unicap.br\/observatorio2\/wp-content\/uploads\/2011\/02\/Scanner_20151029.jpg 1081w\" sizes=\"auto, (max-width: 201px) 100vw, 201px\" \/><\/a>SOUZA, M. Teologia das e para al\u00e9m das religi\u00f5es.<\/h2>\n\n\n\n<p>S\u00e3o Paulo: Associa\u00e7\u00e3o de Ensino Metodista Livre, 2015.<\/p>\n\n\n\n<p>O texto de Maruilson Souza come\u00e7a lembrando os anseios por uma nova teologia, tanto da comunidade cat\u00f3lica quanto da protestante, principalmente de quem vive nas fronteiras desse mundo p\u00f3s-moderno e precisa encontrar palavras mais benditas para testemunhar a f\u00e9 crist\u00e3 em contextos culturalmente plurais. Depois ele apresenta a proposta da cole\u00e7\u00e3o \u201cPelos muitos caminhos de Deus\u201d, destacando as suas converg\u00eancias metodol\u00f3gicas e hermen\u00eauticas, apontando as quest\u00f5es que ficaram em aberto dessa empreitada teol\u00f3gica. E, por fim, partindo de entrevistas esclarecedoras com os coordenadores da obra, apresenta algumas reflex\u00f5es prospectivas e algumas balizas epistemol\u00f3gicas para o prosseguimento do projeto, que deve ser assumido por todo mundo que tenha boa vontade&#8230; e um pouco de coragem!<\/p>\n\n\n\n<p>Leia a apresenta\u00e7\u00e3o do livro por <a href=\"https:\/\/www1.unicap.br\/observatorio2\/wp-content\/uploads\/2011\/02\/Apresenta\u00e7\u00e3o-Maruilson.docx\" target=\"_blank\" rel=\"noopener noreferrer\">aqui<\/a>.<\/p>\n\n\n\n<h2 class=\"wp-block-heading\"><a href=\"https:\/\/www1.unicap.br\/observatorio2\/wp-content\/uploads\/2011\/02\/capa-do-livro1.jpg\"><img loading=\"lazy\" decoding=\"async\" class=\"alignright size-medium wp-image-2402\" src=\"https:\/\/www1.unicap.br\/observatorio2\/wp-content\/uploads\/2011\/02\/capa-do-livro1-199x300.jpg\" alt=\"capa do livro[1]\" width=\"199\" height=\"300\" srcset=\"https:\/\/www1.unicap.br\/observatorio2\/wp-content\/uploads\/2011\/02\/capa-do-livro1-199x300.jpg 199w, https:\/\/www1.unicap.br\/observatorio2\/wp-content\/uploads\/2011\/02\/capa-do-livro1.jpg 332w\" sizes=\"auto, (max-width: 199px) 100vw, 199px\" \/><\/a>AVELLAR, V. Internet e espiritualidade: o despertar atrav\u00e9s das mensagens de e-mail.<\/h2>\n\n\n\n<p>Rio de Janeiro: Calib\u00e1n, 2010.<\/p>\n\n\n\n<p>O pesquisador Valter Avellar, Mestre em Ci\u00eancias da Religi\u00e3o pela UNICAP, busca entender neste livro o porqu\u00ea de tantas pessoas se utilizarem do e-mail para divulgar mensagens de atitude positiva, valores, otimismo, sabedoria, espiritualidade e sentido da vida. O que as motivam e quais s\u00e3o os efeitos em suas vidas? Partindo da experi\u00eancia de um grupo de troca de mensagens human\u00edsticas e espirituais, o autor aborda alguns aspectos como a sociabilidade em rede, a propaga\u00e7\u00e3o da f\u00e9, o di\u00e1logo inter-religioso e os efeitos terap\u00eauticos.&nbsp;A internet, com efeito, modifica profundamente os h\u00e1bitos culturais pelo mundo afora, desestabilizando todas as rela\u00e7\u00f5es sociais pela democratiza\u00e7\u00e3o poss\u00edvel, do saber e do poder, que as redes livres de colaboradores v\u00eam ensaiando em computadores interconectados. Quais as consequ\u00eancias desse processo para a compreens\u00e3o da espiritualidade?<\/p>\n\n\n\n<p>Veja o pref\u00e1cio do livro por <a href=\"https:\/\/www1.unicap.br\/observatorio2\/wp-content\/uploads\/2011\/02\/Pref\u00e1cio-livro-de-Valter.doc\" target=\"_blank\" rel=\"noopener noreferrer\">aqui<\/a>.<\/p>\n\n\n\n<p class=\"has-text-align-center\">&#8211; o &#8211;<\/p>\n\n\n\n<h1 class=\"wp-block-heading\">Revistas e artigos<\/h1>\n\n\n\n<p><span style=\"color: #ffffff;\">.<\/span><\/p>\n\n\n\n<h2 class=\"wp-block-heading\"><a href=\"https:\/\/www1.unicap.br\/observatorio2\/wp-content\/uploads\/2021\/04\/homepageImage_pt_BR.jpg\"><img loading=\"lazy\" decoding=\"async\" class=\"alignright size-medium wp-image-6048\" src=\"https:\/\/www1.unicap.br\/observatorio2\/wp-content\/uploads\/2021\/04\/homepageImage_pt_BR-211x300.jpg\" alt=\"\" width=\"211\" height=\"300\" srcset=\"https:\/\/www1.unicap.br\/observatorio2\/wp-content\/uploads\/2021\/04\/homepageImage_pt_BR-211x300.jpg 211w, https:\/\/www1.unicap.br\/observatorio2\/wp-content\/uploads\/2021\/04\/homepageImage_pt_BR.jpg 300w\" sizes=\"auto, (max-width: 211px) 100vw, 211px\" \/><\/a>Dossi\u00ea Interpreta\u00e7\u00e3o pluralista das religi\u00f5es<\/h2>\n\n\n\n<p>A <a href=\"http:\/\/www.unicap.br\/ojs\/index.php\/paralellus\/issue\/view\/115\" target=\"_blank\" rel=\"noopener\">Revista Paralellus<\/a>, em seu v.12, n.29 (2021), trouxe um dossi\u00ea sobre a &#8220;interpreta\u00e7\u00e3o pluralista das religi\u00f5es&#8221;. Para al\u00e9m da constata\u00e7\u00e3o da pluralidade de fato, busca-se avan\u00e7ar na compreens\u00e3o de um pluralismo religioso por princ\u00edpio. O dossi\u00ea, ent\u00e3o, vai selecionar artigos que trabalhem as bases conceituais do \u201cprinc\u00edpio pluralista\u201d, fundamentando-as epistemol\u00f3gica e metodologicamente, para an\u00e1lise da diversidade espiritual do campo religioso brasileiro, dos espa\u00e7os fronteiri\u00e7os entre e dentro das religi\u00f5es, em especial das experi\u00eancias de di\u00e1logos interculturais e inter-religiosos, entre tradi\u00e7\u00f5es de f\u00e9 e de convic\u00e7\u00f5es.<\/p>\n\n\n\n<p><span style=\"color: #000000;\">EDITORIAL<\/span><\/p>\n\n\n\n<p><span style=\"color: #000000;\"><a style=\"color: #000000;\" href=\"http:\/\/www.unicap.br\/ojs\/index.php\/paralellus\/article\/view\/1930\" target=\"_blank\" rel=\"noopener\">INTERPRETA\u00c7\u00c3O PLURALISTA DAS RELIGI\u00d5ES<\/a><\/span><\/p>\n\n\n\n<p><span style=\"color: #000000;\">DOSSI\u00ca<\/span><\/p>\n\n\n\n<p><span style=\"color: #000000;\"><a style=\"color: #000000;\" href=\"http:\/\/www.unicap.br\/ojs\/index.php\/paralellus\/article\/view\/1873\" target=\"_blank\" rel=\"noopener\">ESTRAT\u00c9GIA DE INTERA\u00c7\u00d5ES EFETIVAS TRANSABERES: UMA AN\u00c1LISE COM BASE NA CI\u00caNCIA P\u00d3S-NORMAL E NO PRINC\u00cdPIO PLURALISTA<\/a><\/span><\/p>\n\n\n\n<p><span style=\"color: #000000;\">Claudio de Oliveira Ribeiro, Bobiquins Estev\u00e3o de Mello&nbsp;&nbsp;&nbsp;&nbsp;&nbsp;&nbsp;&nbsp;&nbsp;&nbsp;&nbsp;&nbsp;&nbsp;&nbsp;<\/span><\/p>\n\n\n\n<p><span style=\"color: #000000;\"><a style=\"color: #000000;\" href=\"http:\/\/www.unicap.br\/ojs\/index.php\/paralellus\/article\/view\/1887\" target=\"_blank\" rel=\"noopener\">PRINC\u00cdPIO PLURALISTA E RECONHECIMENTO: PROVOCA\u00c7\u00d5ES \u00c9TICAS E EPISTEMOL\u00d3GICAS<\/a><\/span><\/p>\n\n\n\n<p><span style=\"color: #000000;\">Jefferson Zeferino, Raquel de F\u00e1tima Colet&nbsp;&nbsp;&nbsp;&nbsp;&nbsp;&nbsp;&nbsp;&nbsp;<\/span><\/p>\n\n\n\n<p><span style=\"color: #000000;\"><a style=\"color: #000000;\" href=\"http:\/\/www.unicap.br\/ojs\/index.php\/paralellus\/article\/view\/1893\" target=\"_blank\" rel=\"noopener\">\u201cDEUS TRANSCENDE SEU PR\u00d3PRIO NOME\u201d: PAUL TILLICH E O DESCORTINAR DE NOVAS FRONTEIRAS HERMEN\u00caUTICAS<\/a><\/span><\/p>\n\n\n\n<p><span style=\"color: #000000;\">Gilbraz de Souza Arag\u00e3o, Jo\u00e3o In\u00e1cio Bezerra da Silva&nbsp;&nbsp;&nbsp;&nbsp;<\/span><\/p>\n\n\n\n<p><span style=\"color: #000000;\"><a style=\"color: #000000;\" href=\"http:\/\/www.unicap.br\/ojs\/index.php\/paralellus\/article\/view\/1880\" target=\"_blank\" rel=\"noopener\">PENSAR TEOLOGICAMENTE AS RELIGI\u00d5ES A PARTIR DA AUTOCOMPREENS\u00c3O CRIST\u00c3<\/a><\/span><\/p>\n\n\n\n<p><span style=\"color: #000000;\">Paulo S\u00e9rgio Lopes Gon\u00e7alves, Felipe de Moraes Negro<\/span><\/p>\n\n\n\n<p><span style=\"color: #000000;\"><a style=\"color: #000000;\" href=\"http:\/\/www.unicap.br\/ojs\/index.php\/paralellus\/article\/view\/1879\" target=\"_blank\" rel=\"noopener\">SOBRE A PLURALIDADE RELIGIOSA NA OBRA &#8220;GRANDE SERT\u00c3O: VEREDAS&#8221;, DE GUIMAR\u00c3ES ROSA: UMA LEITURA DOS CONCEITOS DE POLIDOXIA E TRANSRELIGIOSIDADE<\/a><\/span><\/p>\n\n\n\n<p><span style=\"color: #000000;\">Bruna Milheiro Silva&nbsp;&nbsp;&nbsp;&nbsp;&nbsp;<\/span><\/p>\n\n\n\n<p><span style=\"color: #000000;\"><a style=\"color: #000000;\" href=\"http:\/\/www.unicap.br\/ojs\/index.php\/paralellus\/article\/view\/1872\" target=\"_blank\" rel=\"noopener\">A TRANSNACIONALIZA\u00c7\u00c3O RELIGIOSA BRASILEIRA NOS ESTADOS UNIDOS<\/a><\/span><\/p>\n\n\n\n<p><span style=\"color: #000000;\">Kelly Thaysy Lopes Nascimento, Fernanda Lemos, Dario Paulo Rivera Barrera<\/span><\/p>\n\n\n\n<p><span style=\"color: #000000;\"><a style=\"color: #000000;\" href=\"http:\/\/www.unicap.br\/ojs\/index.php\/paralellus\/article\/view\/1886\" target=\"_blank\" rel=\"noopener\">A ESPIRITUALIDADE TRANSRELIGIOSA NAS ROMARIAS E PEREGRINA\u00c7\u00d5ES: O CASO DO JUAZEIRO DO PADRE C\u00cdCERO ROM\u00c3O<\/a><\/span><\/p>\n\n\n\n<p><span style=\"color: #000000;\">Jos\u00e9 Artur Tavares de Brito&nbsp;&nbsp;&nbsp;&nbsp;&nbsp;&nbsp;&nbsp;<\/span><\/p>\n\n\n\n<p><span style=\"color: #000000;\"><a style=\"color: #000000;\" href=\"http:\/\/www.unicap.br\/ojs\/index.php\/paralellus\/article\/view\/1868\" target=\"_blank\" rel=\"noopener\">EVANGELIZA\u00c7\u00c3O E DI\u00c1LOGO INTER-RELIGIOSO: APONTAMENTOS NO DOCUMENTO DE PUEBLA E NA EVANGELII GAUDIUM PARA O O CONTEXTO PLURAL BRASILEIRO.<\/a><\/span><\/p>\n\n\n\n<p><span style=\"color: #000000;\">Jefferson Grijo Brasil, Chrystiano Gomes Ferraz<\/span><\/p>\n\n\n\n<p><span style=\"color: #000000;\"><a style=\"color: #000000;\" href=\"http:\/\/www.unicap.br\/ojs\/index.php\/paralellus\/article\/view\/1889\" target=\"_blank\" rel=\"noopener\">OS UPANI\u1e62ADS E O PROJETO SOTERIOL\u00d3GICO DA ESCOLA VED\u0100NTA<\/a><\/span><\/p>\n\n\n\n<p><span style=\"color: #000000;\">Dilip Loundo&nbsp;&nbsp;&nbsp;&nbsp;&nbsp;<\/span><\/p>\n\n\n\n<p><span style=\"color: #000000;\"><a style=\"color: #000000;\" href=\"http:\/\/www.unicap.br\/ojs\/index.php\/paralellus\/article\/view\/1883\" target=\"_blank\" rel=\"noopener\">A HIP\u00d3TESE DA GRANDE DEUSA ENTRE OS ROM\u00c2NTICOS E ACAD\u00caMICOS<\/a><\/span><\/p>\n\n\n\n<p><span style=\"color: #000000;\">Karina Oliveira Bezerra<\/span><\/p>\n\n\n\n<p><span style=\"color: #000000;\"><a style=\"color: #000000;\" href=\"http:\/\/www.unicap.br\/ojs\/index.php\/paralellus\/article\/view\/1877\" target=\"_blank\" rel=\"noopener\">O TERREIRO DE RITUAL SAGRADO DA BOA VISTA E SUAS PR\u00c1TICAS H\u00cdBRIDAS E PLURAIS NA RELIGI\u00c3O IND\u00cdGENA DO POVO XUKURU DO ORORUB\u00c1<\/a><\/span><\/p>\n\n\n\n<p><span style=\"color: #000000;\">Constantino Jos\u00e9 Bezerra de Melo&nbsp;&nbsp;&nbsp;&nbsp;&nbsp;&nbsp;&nbsp;&nbsp;&nbsp;<\/span><\/p>\n\n\n\n<p><span style=\"color: #000000;\">RESENHA<\/span><\/p>\n\n\n\n<p><span style=\"color: #000000;\"><a style=\"color: #000000;\" href=\"http:\/\/www.unicap.br\/ojs\/index.php\/paralellus\/article\/view\/1874\" target=\"_blank\" rel=\"noopener\">O PRINC\u00cdPIO PLURALISTA<\/a><\/span><\/p>\n\n\n\n<p><span style=\"color: #000000;\">Jos\u00e9 Pascoal Mantovani<\/span><\/p>\n\n\n\n<p><span style=\"color: #000000;\"><a style=\"color: #000000;\" href=\"http:\/\/www.unicap.br\/ojs\/index.php\/paralellus\/article\/view\/1876\" target=\"_blank\" rel=\"noopener\">PLURALISMO E TEOLOGIA<\/a><\/span><\/p>\n\n\n\n<p><span style=\"color: #000000;\">Claudio de Oliveira Ribeiro&nbsp;&nbsp;&nbsp;&nbsp;&nbsp;&nbsp;&nbsp;&nbsp;<\/span><\/p>\n\n\n\n<p><span style=\"color: #000000;\"><a style=\"color: #000000;\" href=\"http:\/\/www.unicap.br\/ojs\/index.php\/paralellus\/article\/view\/1878\" target=\"_blank\" rel=\"noopener\">NOS CAMINHOS DA TRADI\u00c7\u00c3O CONGO\/ANGOLA<\/a><\/span><\/p>\n\n\n\n<p><span style=\"color: #000000;\">Jos\u00e9 Marcos Brito Rodrigues<\/span><\/p>\n\n\n\n<h2 class=\"wp-block-heading\">Artigo Uma experi\u00eancia de pluralismo e di\u00e1logo<\/h2>\n\n\n<div class=\"wp-block-image\">\n<figure class=\"alignleft\"><a href=\"https:\/\/www1.unicap.br\/observatorio2\/wp-content\/uploads\/2020\/10\/cover_issue_2020_pt_BR.png\"><img loading=\"lazy\" decoding=\"async\" width=\"212\" height=\"300\" src=\"https:\/\/www1.unicap.br\/observatorio2\/wp-content\/uploads\/2020\/10\/cover_issue_2020_pt_BR-212x300.png\" alt=\"\" class=\"wp-image-5697\" srcset=\"https:\/\/www1.unicap.br\/observatorio2\/wp-content\/uploads\/2020\/10\/cover_issue_2020_pt_BR-212x300.png 212w, https:\/\/www1.unicap.br\/observatorio2\/wp-content\/uploads\/2020\/10\/cover_issue_2020_pt_BR.png 420w\" sizes=\"auto, (max-width: 212px) 100vw, 212px\" \/><\/a><\/figure>\n<\/div>\n\n\n<p>MAILSON SOUZA<\/p>\n\n\n\n<p>Observat\u00f3rio Transdisciplinar das Religi\u00f5es no Recife: uma experi\u00eancia de pluralismo e di\u00e1logo<\/p>\n\n\n\n<p>Caderno Teol\u00f3gico. v. 5, n. 1 (2020)<\/p>\n\n\n\n<p>Este artigo tem por prop\u00f3sito apresentar uma reflex\u00e3o cr\u00edtica sobre a trajet\u00f3ria e experi\u00eancia do Observat\u00f3rio Transdisciplinar das Religi\u00f5es no Recife, localizado na Universidade Cat\u00f3lica de Pernambuco. Esse grupo de pesquisa e de estudos sobre as religiosidades tem se mostrado, ao longo dos anos, como um espa\u00e7o privilegiado de di\u00e1logo e pluralismo religioso. Com o intuito de tra\u00e7ar o percurso desse grupo e demonstrar como ele se articula com a abordagem transdisciplinar e o conceito de princ\u00edpio pluralista, apresentaremos a hist\u00f3ria e as principais a\u00e7\u00f5es por ele promovidas ao longo de seus quinze anos exist\u00eancia.<\/p>\n\n\n\n<p>Baixe o artigo por <a href=\"https:\/\/periodicos.pucpr.br\/index.php\/cadernoteologico\/article\/download\/27060\/24545\" target=\"_blank\" rel=\"noopener noreferrer\">aqui<\/a>.<\/p>\n\n\n\n<h2 class=\"wp-block-heading\">Revista The Officer<a href=\"https:\/\/www1.unicap.br\/observatorio2\/wp-content\/uploads\/2019\/11\/Maruilson.jpg\"><img loading=\"lazy\" decoding=\"async\" class=\"size-medium wp-image-5149 alignright\" src=\"https:\/\/www1.unicap.br\/observatorio2\/wp-content\/uploads\/2019\/11\/Maruilson-300x291.jpg\" alt=\"\" width=\"300\" height=\"291\" srcset=\"https:\/\/www1.unicap.br\/observatorio2\/wp-content\/uploads\/2019\/11\/Maruilson-300x291.jpg 300w, https:\/\/www1.unicap.br\/observatorio2\/wp-content\/uploads\/2019\/11\/Maruilson-309x300.jpg 309w, https:\/\/www1.unicap.br\/observatorio2\/wp-content\/uploads\/2019\/11\/Maruilson.jpg 664w\" sizes=\"auto, (max-width: 300px) 100vw, 300px\" \/><\/a><\/h2>\n\n\n\n<p>MARUILSON SOUZA<\/p>\n\n\n\n<p>Territorial Education and Programme Secretary Brazil Territory of The Salvation Army<\/p>\n\n\n\n<p>WHAT WE CAN LEARN FROM OTHERS<\/p>\n\n\n\n<p>THE OFFICER, Oct-December 2019, P.28-31<\/p>\n\n\n\n<p>Engagement with other faiths: a latin american perspective. This four-part series, written by members of The Salvation Army\u2019s International Theological Council, looks at meangingful ways in which Salvationists can engage with believers of other faiths. This second contribution is written from a Latin American perspective.<\/p>\n\n\n\n<p>Baixe o artigo por <a href=\"https:\/\/www1.unicap.br\/observatorio2\/wp-content\/uploads\/2019\/11\/Oct-December-2019-Content-THE-OFFICER-p\u00e1ginas-28-31.pdf\" target=\"_blank\" rel=\"noopener noreferrer\">aqui<\/a>.<\/p>\n\n\n\n<h2 class=\"wp-block-heading\">Revista sobre Di\u00e1logos a partir das religi\u00f5es<\/h2>\n\n\n<div class=\"wp-block-image\">\n<figure class=\"alignleft\"><a href=\"https:\/\/www1.unicap.br\/observatorio2\/wp-content\/uploads\/2011\/02\/cover_issue_22_pt_BR.jpg\"><img loading=\"lazy\" decoding=\"async\" width=\"212\" height=\"300\" src=\"https:\/\/www1.unicap.br\/observatorio2\/wp-content\/uploads\/2011\/02\/cover_issue_22_pt_BR-212x300.jpg\" alt=\"cover_issue_22_pt_BR\" class=\"wp-image-676\" srcset=\"https:\/\/www1.unicap.br\/observatorio2\/wp-content\/uploads\/2011\/02\/cover_issue_22_pt_BR-212x300.jpg 212w, https:\/\/www1.unicap.br\/observatorio2\/wp-content\/uploads\/2011\/02\/cover_issue_22_pt_BR.jpg 413w\" sizes=\"auto, (max-width: 212px) 100vw, 212px\" \/><\/a><\/figure>\n<\/div>\n\n\n<p>O Observat\u00f3rio colaborou para a organiza\u00e7\u00e3o do v. 3, n. 6 (2012) da <a href=\"https:\/\/www1.unicap.br\/ojs-2.3.4\/index.php\/paralellus\/issue\/view\/22\" target=\"_blank\" rel=\"noopener noreferrer\">Revista Paralellus<\/a>, que tem por tema &#8220;Di\u00e1logos a partir das religi\u00f5es&#8221;, e cuja apresenta\u00e7\u00e3o argumenta: a&nbsp;religi\u00e3o \u00e9 intr\u00ednseca ao ser humano. Faz parte da cultura e do processo de constru\u00e7\u00e3o da identidade de diversas civiliza\u00e7\u00f5es ao longo do tempo, nos mais diversos espa\u00e7os. No decorrer da hist\u00f3ria, muitos fizeram uso da religi\u00e3o na pol\u00edtica, endossando incurs\u00f5es belicistas, embasando genoc\u00eddios e domina\u00e7\u00f5es de todos os tipos, no campo privado e p\u00fablico. Al\u00e9m de servir a cada indiv\u00edduo enquanto inst\u00e2ncia de liga\u00e7\u00e3o com a divindade, ela pode, tamb\u00e9m, atender as demandas de um escopo maior, sendo usada na constru\u00e7\u00e3o da diferen\u00e7a e legitima\u00e7\u00e3o dos poderes.<\/p>\n\n\n\n<p>O s\u00e9culo XX foi marcado pelo alvorecer das m\u00faltiplas identidades, baseadas em elementos de g\u00eaneros, etnias e lutas pelo meio-ambiente. Nesse processo, partindo de uma vis\u00e3o otimista do ser humano dentro dessas mudan\u00e7as, apontamos que os caminhos para o di\u00e1logo cultural e religioso nunca foram t\u00e3o amplos, bem como, de tamanha complexidade. Stuart Hall (2006) esclarece que as mudan\u00e7as identit\u00e1rias constroem sujeitos multifacetados, que lutam diariamente para mediar suas diversas identidades, em tempos de globaliza\u00e7\u00e3o.<\/p>\n\n\n\n<p>As migra\u00e7\u00f5es e as trocas culturais atrav\u00e9s, principalmente, dos meios de comunica\u00e7\u00e3o, criam um sentido de proximidade entre os espa\u00e7os do globo, fazendo com que, cada vez mais, se tenha acesso ao outro. Contraditoriamente, h\u00e1 um movimento de afastamento e os estranhamentos s\u00e3o mais frequentes, pois os sujeitos est\u00e3o mergulhados no que Bauman (2004) chama de \u201camores l\u00edquidos\u201d, em um individualismo e distanciamento interacional crescente. Mas o que isso teria a ver com a religi\u00e3o?<\/p>\n\n\n\n<p>Nos dias hodiernos ficou t\u00e3o acess\u00edvel conhecer o outro; contudo, a xenofobia, os fundamentalismos e o preconceito cultural e religioso, t\u00eam aumentado e se misturado a crises pol\u00edticas e econ\u00f4micas. Deste modo, enfatizamos que o di\u00e1logo entre as religi\u00f5es e, principalmente, entre os indiv\u00edduos de cada religi\u00e3o, mostra-se como um dos caminhos para apaziguar as tens\u00f5es e gerar possibilidades para a solu\u00e7\u00e3o dos problemas que afligem a humanidade&#8230;<\/p>\n\n\n\n<p><span style=\"color: #000000;\">APRESENTA\u00c7\u00c3O<\/span><\/p>\n\n\n\n<p><span style=\"color: #000000;\"><a style=\"color: #000000;\" href=\"https:\/\/www1.unicap.br\/ojs-2.3.4\/index.php\/paralellus\/article\/view\/211\/214\" target=\"_blank\" rel=\"noopener noreferrer\">DI\u00c1LOGOS A PARTIR DAS RELIGI\u00d5ES<\/a><\/span><\/p>\n\n\n\n<p><span style=\"color: #000000;\">Walter Valdevino do AMARAL<\/span><\/p>\n\n\n\n<p><span style=\"color: #000000;\">DOSSI\u00ca<\/span><\/p>\n\n\n\n<p><span style=\"color: #000000;\"><a style=\"color: #000000;\" href=\"https:\/\/www1.unicap.br\/ojs-2.3.4\/index.php\/paralellus\/article\/view\/212\/206\" target=\"_blank\" rel=\"noopener noreferrer\">ARTE DO MOVIMENTO E EXPRESS\u00c3O N\u00c3O VERBAL NO DI\u00c1LOGO INTER-RELIGIOSO<\/a><\/span><\/p>\n\n\n\n<p><span style=\"color: #000000;\">Rog\u00e9rio Costa MIGLIORINI<\/span><\/p>\n\n\n\n<p><span style=\"color: #000000;\"><a style=\"color: #000000;\" href=\"https:\/\/www1.unicap.br\/ojs-2.3.4\/index.php\/paralellus\/article\/view\/213\/207\" target=\"_blank\" rel=\"noopener noreferrer\">A CIBERCULTURA E A RELIGIOSIDADE CAT\u00d3LICA: UMA LEITURA TRANSDISCIPLINAR DOS DESAFIOS E PARADOXOS DA NOVA CONFIGURA\u00c7\u00c3O DO SAGRADO EM AMBIENTE DIGITAL<\/a><\/span><\/p>\n\n\n\n<p><span style=\"color: #000000;\">Mariano Vicente da SILVA FILHO, Gilbraz de Souza ARAG\u00c3O<\/span><\/p>\n\n\n\n<p><span style=\"color: #000000;\"><a style=\"color: #000000;\" href=\"https:\/\/www1.unicap.br\/ojs-2.3.4\/index.php\/paralellus\/article\/view\/214\/208\" target=\"_blank\" rel=\"noopener noreferrer\">CRISTIANISMO, ESPIRITISMO: POSSIBILIDADES DE DI\u00c1LOGO CONTRA A INTOLER\u00c2NCIA RELIGIOSA&nbsp;&nbsp;<\/a><\/span><\/p>\n\n\n\n<p><span style=\"color: #000000;\">Cezar Augusto CERQUEIRA<\/span><\/p>\n\n\n\n<p><span style=\"color: #000000;\"><a style=\"color: #000000;\" href=\"https:\/\/www1.unicap.br\/ojs-2.3.4\/index.php\/paralellus\/article\/view\/215\/209\" target=\"_blank\" rel=\"noopener noreferrer\">A PROPOSTA DE GIANNI VATTIMO PARA UMA ESPIRITUALIDADE P\u00d3S-METAF\u00cdSICA&nbsp;&nbsp;<\/a><\/span><\/p>\n\n\n\n<p><span style=\"color: #000000;\">Carlos Alberto Pinheiro VIEIRA<\/span><\/p>\n\n\n\n<p><span style=\"color: #000000;\"><a style=\"color: #000000;\" href=\"https:\/\/www1.unicap.br\/ojs-2.3.4\/index.php\/paralellus\/article\/view\/216\/210\" target=\"_blank\" rel=\"noopener noreferrer\">\u201cENTRE O SER E O N\u00c3O SER\u201d: TEOLOGIA ANTI-SACRIFICIAL E SACRIF\u00cdCIOS NAS RELIGI\u00d5ES POPULARES&nbsp;&nbsp;<\/a><\/span><\/p>\n\n\n\n<p><span style=\"color: #000000;\">Marcelo BARROS<\/span><\/p>\n\n\n\n<h2 class=\"wp-block-heading\">Revista sobre As muitas faces de Deus<\/h2>\n\n\n<div class=\"wp-block-image\">\n<figure class=\"alignright\"><a href=\"https:\/\/www1.unicap.br\/observatorio2\/wp-content\/uploads\/2011\/02\/capa-teo-2009-final.jpg\"><img loading=\"lazy\" decoding=\"async\" width=\"134\" height=\"200\" src=\"https:\/\/www1.unicap.br\/observatorio2\/wp-content\/uploads\/2011\/02\/capa-teo-2009-final.jpg\" alt=\"capa teo 2009 final\" class=\"wp-image-677\"\/><\/a><\/figure>\n<\/div>\n\n\n<p>O nosso Observat\u00f3rio organizou uma publica\u00e7\u00e3o especial da <a href=\"https:\/\/www1.unicap.br\/revistas\/teologia\/arquivo\/teologia%202009.pdf\" target=\"_blank\" rel=\"noopener noreferrer\">Revista de Teologia e Ci\u00eancias da Religi\u00e3o da UNICAP<\/a> (ano VIII, 2009, n. 1, jan.jun.), como resultado de um Simp\u00f3sio sobre &#8220;as m\u00faltiplas faces de Deus&#8221;. Tratou-se de um mutir\u00e3o transdisciplinar e visando uma atitude transreligiosa. A tansdisciplinaridade, busca da realidade que est\u00e1 entre e al\u00e9m das disciplinas cient\u00edficas, pode gerar uma atitude transreligiosa, que parte da experi\u00eancia do sagrado ou divino e por isso n\u00e3o contradiz nenhuma tradi\u00e7\u00e3o religiosa e envolve at\u00e9 as correntes ateias. Trata-se de favorecer o di\u00e1logo inter-religioso, pela percep\u00e7\u00e3o de uma experi\u00eancia comum, entre e para al\u00e9m das religi\u00f5es. Afinal, se as oito mil disciplinas que hoje povoam os corredores das nossas universidades precisam se comunicar, em vista da comum miss\u00e3o de compreender &#8211; e salvar &#8211; os fen\u00f4menos da vida, as dez mil religi\u00f5es contadas no planeta precisam se entender um pouco sobre o significado da salva\u00e7\u00e3o que pregam.<\/p>\n\n\n\n<p>A transdisciplinaridade engendra, pois, uma atitude transcultural e transreligiosa. A atitude transcultural designa a abertura de todas as culturas para aquilo que as atravessa e as ultrapassa, indicando que nenhuma cultura se constitui em um lugar privilegiado a partir do qual podemos julgar universalmente as outras culturas, como nenhuma religi\u00e3o pode ser a \u00fanica verdadeira &#8211; mesmo que cada uma possa se experimentar como absolutamente verdadeira e universal. Em um mesmo n\u00edvel de realidade, diferentes religi\u00f5es seriam possivelmente antag\u00f4nicas e excludentes, mas se considerarmos um outro n\u00edvel ao menos, surge um &#8220;terceiro&#8221; que, inclu\u00eddo, as pode reconciliar. Trata-se da base antropol\u00f3gica que nos constitui a todos e exige uma atitude \u00e9tica, ou daquilo que \u00e9 mais humano no humano e tamb\u00e9m no c\u00f3smico &#8211; e por isso sagrado ou divino.<\/p>\n\n\n\n<p>Os textos que apresentamos, como resultado das confer\u00eancias dos amigos que debateram conosco, tratam dos &#8220;desafios do pluralismo religioso&#8221;. Talvez a\u00ed residam os maiores lit\u00edgios da evangeliza\u00e7\u00e3o crist\u00e3 nos dias de hoje, como ademais as grandes problem\u00e1ticas para a paz em nosso mundo globalizado &#8211; que se reconhece plural em uma aldeia unificada, cada vez mais, pelas comunica\u00e7\u00f5es e pelo com\u00e9rcio. Pois ent\u00e3o, enfrentando esta vertiginosa aventura, para redescobrir, com Nicolau de Cusa, que &#8220;Deus \u00e9 a harmonia dos contr\u00e1rios&#8221;, de 11 a 13 de setembro de 2007 a Universidade Cat\u00f3lica de Pernambuco recebeu mais de 150 cientistas e pesquisadores do fen\u00f4meno religioso, te\u00f3logos e professores de cultura religiosa, para o II Simp\u00f3sio Internacional de Teologia e Ci\u00eancias da Religi\u00e3o, sobre o tema &#8220;As Muitas Faces de Deus: Desafios do Pluralismo Religioso&#8221;.<\/p>\n\n\n\n<p>Esse evento buscou projetar a pesquisa sobre as religi\u00f5es realizada na UNICAP em um cen\u00e1rio mais amplo, sedimentando o seu p\u00f3lo de estudos sobre Di\u00e1logo Intercultural e Inter-religioso e colaborando, assim, a partir da perspectiva latino-americana e transdisciplinar, para a reflex\u00e3o sobre os desafios da pluralidade religiosa e do di\u00e1logo inter-religioso.<\/p>\n\n\n\n<p><span style=\"color: #000000;\"><a style=\"color: #000000;\" href=\"https:\/\/www1.unicap.br\/observatorio\/arquivos\/introducao.doc\" target=\"_blank\" rel=\"noopener noreferrer\">INTRODU\u00c7\u00c3O<br>\n<\/a>Prof. Dr. Gilbraz de Souza Arag\u00e3o<\/span><\/p>\n\n\n\n<p><span style=\"color: #000000;\">TEMA I \u2013 DEUS, POR ENTRE CRISTIANISMOS E RELIGI\u00d5ES<\/span><\/p>\n\n\n\n<p><span style=\"color: #000000;\"><a style=\"color: #000000;\" href=\"https:\/\/www1.unicap.br\/observatorio\/arquivos\/ORosto141108.doc\" target=\"_blank\" rel=\"noopener noreferrer\">O ROSTO POPULAR DE DEUS REFLETIDO NO CATOLICISMO BRASILEIRO<br>\n<\/a>Prof. Dr. Pedro Rubens Ferreira Oliveira<\/span><\/p>\n\n\n\n<p><span style=\"color: #000000;\"><a style=\"color: #000000;\" href=\"https:\/\/www1.unicap.br\/observatorio\/arquivos\/maria_clara.pdf\" target=\"_blank\" rel=\"noopener noreferrer\">FACES E INTERFACES DA SACRALIDADE NUM MUNDO SECULARIZADO<\/a><\/span><br>\n<span style=\"color: #000000;\"> Profa. Dra. Maria Clara Lucchetti Bingemer<\/span><\/p>\n\n\n\n<p><span style=\"color: #000000;\">PARTE&nbsp;&nbsp; II &#8211; TEMA DA PLURALIDADE CULTURAL <\/span><\/p>\n\n\n\n<p><span style=\"color: #000000;\"><a style=\"color: #000000;\" href=\"https:\/\/www1.unicap.br\/observatorio\/arquivos\/alvaro_cepeda.pdf\" target=\"_blank\" rel=\"noopener noreferrer\">A CRISTIANIZA\u00c7\u00c3O DA POL\u00cdTICA<br>\n<\/a>Prof. Dr. \u00c1lvaro Cepeda van Houten (Col\u00f4mbia)<\/span><\/p>\n\n\n\n<p><span style=\"color: #000000;\"><a style=\"color: #000000;\" href=\"https:\/\/www1.unicap.br\/observatorio\/arquivos\/roberto_motta.pdf\" target=\"_blank\" rel=\"noopener noreferrer\">O CORPO E A RELIGI\u00c3O NO XANG\u00d4 E NA UMBANDA<br>\n<\/a>Prof. Dr. Roberto Motta (Brasil)<\/span><\/p>\n\n\n\n<p><span style=\"color: #000000;\">PARTE&nbsp; III &#8211;&nbsp; TEMA DO PLURALISMO E LIBERTA\u00c7\u00c3O <\/span><\/p>\n\n\n\n<p><span style=\"color: #000000;\"><a style=\"color: #000000;\" href=\"https:\/\/www1.unicap.br\/observatorio\/arquivos\/giuseppe_staccone.pdf\" target=\"_blank\" rel=\"noopener noreferrer\">\u00c9TICA MUNDIAL E RELIGI\u00d5ES<br>\n<\/a>Prof. Dr. Giuseppe Staccone (It\u00e1lia)<\/span><\/p>\n\n\n\n<p><span style=\"color: #000000;\"><a style=\"color: #000000;\" href=\"https:\/\/www1.unicap.br\/observatorio\/arquivos\/faustino_teixeira.pdf\" target=\"_blank\" rel=\"noopener noreferrer\">SALVA\u00c7\u00c3O, ENTRE E AL\u00c9M DAS RELIGI\u00d5ES<br>\n<\/a>Prof. Dr. Faustino Teixeira (Brasil)<\/span><\/p>\n\n\n\n<p><span style=\"color: #000000;\">PARTE&nbsp;&nbsp; IV &#8211;&nbsp; TEMA DA TEOLOGIA MULTIRRELIGIOSA <\/span><\/p>\n\n\n\n<p><span style=\"color: #000000;\"><a style=\"color: #000000;\" href=\"https:\/\/www1.unicap.br\/observatorio\/arquivos\/claudio_vianney.pdf\" target=\"_blank\" rel=\"noopener noreferrer\">NOVAS RELIGIOSIDADES E RENOVA\u00c7\u00c3O ESPIRITUAL<br>\n<\/a>Prof. Dr. Cl\u00e1udio Vianney Malzoni (Brasil)<\/span><\/p>\n\n\n\n<p><span style=\"color: #000000;\"><a style=\"color: #000000;\" href=\"https:\/\/www1.unicap.br\/observatorio\/arquivos\/manuel_hurtado.pdf\" target=\"_blank\" rel=\"noopener noreferrer\">UM DEUS, MUITAS TEOLOGIAS?<br>\n<\/a>Prof. Dr. Manuel Hurtado (Bol\u00edvia)<\/span><\/p>\n\n\n\n<p class=\"has-text-align-center\"><span style=\"color: #000000;\">&#8211; o &#8211;<\/span><\/p>\n\n\n\n<h1 class=\"wp-block-heading\"><span style=\"color: #000000;\">Anais do GT<\/span><\/h1>\n\n\n\n<p><span style=\"color: #ffffff;\">.<\/span><\/p>\n\n\n\n<h2 class=\"wp-block-heading\">Pluralidade espiritual e di\u00e1logo inter-religioso<\/h2>\n\n\n\n<p>O Observat\u00f3rio tem participado e colaborado na coordena\u00e7\u00e3o de um Grupo de Pesquisa que se re\u00fane nos Simp\u00f3sios&nbsp;de estudos da religi\u00e3o na UNICAP, bem como em grandes Congressos da \u00e1rea, feito os da <a href=\"http:\/\/www.soter.org.br\/index.php\" target=\"_blank\" rel=\"noopener noreferrer\">SOTER<\/a> e da <a href=\"http:\/\/www.anptecre.org.br\/\" target=\"_blank\" rel=\"noopener noreferrer\">ANPTECRE<\/a>. O <a href=\"https:\/\/espdialogo.wordpress.com\/\" target=\"_blank\" rel=\"noopener noreferrer\">Grupo de Pesquisa Espiritualidades, Pluralidade e Di\u00e1logo<\/a> \u00e9&nbsp;coordenado pelo professor Gilbraz Arag\u00e3o, junto com os professores doutores Roberlei Panasiewicz (PUCMinas, MG) e Cl\u00e1udio Ribeiro (UMESP, SP).<\/p>\n\n\n\n<p>Diante do contexto culturalmente plural em que nos encontramos e que desafia as tradi\u00e7\u00f5es religiosas, surgem, por um lado, movimentos intolerantes e fundamentalistas e, por outro lado, grandes oportunidades para o di\u00e1logo. Trata-se de reconhecer, no conv\u00edvio com a diversidade, o que h\u00e1 de \u00fanico e irrevog\u00e1vel em cada religi\u00e3o; ao mesmo tempo, \u00e9 fundamental que se manifeste e reflita sobre o dinamismo espiritual comum que est\u00e1 entre e para al\u00e9m das religi\u00f5es, mesmo daquelas express\u00f5es laicas e sem divindades. O di\u00e1logo \u201cinter-religioso\u201d que todas proporcionam faz repensar o compromisso \u00e9tico das religi\u00f5es com a paz mundial.<\/p>\n\n\n\n<p>O Grupo se prop\u00f5e, ent\u00e3o, a debater pesquisas sobre Pluralidade Espiritual e Religiosa, Toler\u00e2ncia e Di\u00e1logo.&nbsp;Abaixo voc\u00ea pode acessar os Anais dispon\u00edveis dos \u00faltimos encontros&nbsp;e descobrir os estudos e pesquisas que a equipe do nosso Observat\u00f3rio tem compartilhado com as equipes que trabalham a nossa tem\u00e1tica em outras Universidades:<\/p>\n\n\n\n<h5 class=\"wp-block-heading has-text-align-right\">Baixe por <a href=\"http:\/\/www.soter.org.br\/documentos\/documento-t1xF1HqaxcboGYi.pdf\" target=\"_blank\" rel=\"noopener noreferrer\">aqui<\/a> os Anais SOTER 2009<\/h5>\n\n\n\n<h5 class=\"wp-block-heading has-text-align-right\">Baixe por <a href=\"http:\/\/www.soter.org.br\/documentos\/documento-Fi4PMT0ZEDVCAbV.pdf\" target=\"_blank\" rel=\"noopener noreferrer\">aqui<\/a> os Anais SOTER 2010<\/h5>\n\n\n\n<h5 class=\"wp-block-heading has-text-align-right\">Baixe por <a href=\"https:\/\/www.soter.org.br\/imagens\/download_imagem.php?arquivo=24.pdf-150621164827.pdf\" target=\"_blank\" rel=\"noopener noreferrer\">aqui<\/a> os Anais SOTER 2011<\/h5>\n\n\n\n<h5 class=\"wp-block-heading has-text-align-right\">Baixe por <a href=\"https:\/\/www.soter.org.br\/imagens\/download_imagem.php?arquivo=25.pdf-150621164827.pdf\" target=\"_blank\" rel=\"noopener noreferrer\">aqui<\/a> os Anais SOTER 2012<\/h5>\n\n\n\n<h5 class=\"wp-block-heading has-text-align-right\">Baixe por <a href=\"https:\/\/www.soter.org.br\/imagens\/download_imagem.php?arquivo=26.pdf-150621164827.pdf\" target=\"_blank\" rel=\"noopener noreferrer\">aqui<\/a> os Anais SOTER 2013<\/h5>\n\n\n\n<h5 class=\"wp-block-heading has-text-align-right\">Baixe por <a href=\"https:\/\/www.soter.org.br\/imagens\/download_imagem.php?arquivo=27.pdf-150621164827.pdf\" target=\"_blank\" rel=\"noopener noreferrer\">aqui<\/a> os Anais SOTER 2014<\/h5>\n\n\n\n<h5 class=\"wp-block-heading has-text-align-right\">Baixe por <a href=\"https:\/\/www.soter.org.br\/imagens\/download_imagem.php?arquivo=28.pdf-150621164827.pdf\" target=\"_blank\" rel=\"noopener noreferrer\">aqui<\/a> os Anais SOTER 2015<\/h5>\n\n\n\n<h5 class=\"wp-block-heading has-text-align-right\">Baixe por <a href=\"https:\/\/www.soter.org.br\/imagens\/download_imagem.php?arquivo=29.pdf-150621165334.pdf\" target=\"_blank\" rel=\"noopener noreferrer\">aqui<\/a> os Anais SOTER 2016<\/h5>\n\n\n\n<h5 class=\"wp-block-heading has-text-align-right\">Baixe por <a href=\"https:\/\/www.soter.org.br\/imagens\/download_imagem.php?arquivo=30.pdf-150621165334.pdf\" target=\"_blank\" rel=\"noopener noreferrer\">aqui<\/a> os Anais SOTER 2017<\/h5>\n\n\n\n<h5 class=\"wp-block-heading has-text-align-right\">Baixe por <a href=\"https:\/\/www.soter.org.br\/imagens\/download_imagem.php?arquivo=31.pdf-150621165334.pdf\" target=\"_blank\" rel=\"noopener noreferrer\">aqui<\/a> os Anais SOTER 2018<\/h5>\n\n\n\n<h5 class=\"wp-block-heading has-text-align-right\">Baixe por <a href=\"https:\/\/www.soter.org.br\/imagens\/download_imagem.php?arquivo=32.pdf-150621165334.pdf\" target=\"_blank\" rel=\"noopener noreferrer\">aqui<\/a> os Anais SOTER 2019<\/h5>\n\n\n\n<h5 class=\"wp-block-heading has-text-align-right\">Baixe por <a href=\"https:\/\/www.soter.org.br\/imagens\/download_imagem.php?arquivo=Anais%20do%2033%C2%BA%20Congresso%20da%20SOTER_Final3.pdf-220222210310.pdf\" target=\"_blank\" rel=\"noopener\">aqui<\/a> os Anais SOTER 2021<\/h5>\n\n\n\n<h5 class=\"wp-block-heading has-text-align-right\">Baixe por <a href=\"https:\/\/www.soter.org.br\/imagens\/download_imagem.php?arquivo=34CongrSoter-Anais.pdf-061222110036.pdf\" target=\"_blank\" rel=\"noopener\">aqui<\/a> os Anais SOTER 2022<\/h5>\n\n\n\n<h5 class=\"wp-block-heading has-text-align-right\">Baixe por <a href=\"https:\/\/www.soter.org.br\/downloads\/35CongrSoter-Anais.pdf\" target=\"_blank\" rel=\"noreferrer noopener\">aqui<\/a> os Anais SOTER 2023<\/h5>\n\n\n\n<h5 class=\"wp-block-heading has-text-align-right\">Baixe por <a href=\"https:\/\/www1.unicap.br\/anptecre\/wp-content\/uploads\/2013\/12\/ANPTECRE_IV-Congresso.pdf\" target=\"_blank\" rel=\"noopener noreferrer\">aqui<\/a> os Anais ANPTECRE 2013<\/h5>\n\n\n\n<h5 class=\"wp-block-heading has-text-align-right\">Baixe por <a href=\"http:\/\/www2.pucpr.br\/reol\/pb\/index.php\/5anptecre?dd99=anais\" target=\"_blank\" rel=\"noopener noreferrer\">aqui<\/a> os Anais ANPTECRE 2015<\/h5>\n\n\n\n<h5 class=\"wp-block-heading has-text-align-right\">Baixe por <a href=\"https:\/\/drive.google.com\/file\/d\/156N0k4YaiyHJ5nMz8VKL4prOZqaqsOFF\/view\" target=\"_blank\" rel=\"noopener noreferrer\">aqui<\/a> os Anais ANPTECRE 2017<\/h5>\n\n\n\n<h5 class=\"wp-block-heading has-text-align-right\">Baixe por <a href=\"http:\/\/eventospucrio.teo.br\/files\/publicacao%20anais%20-%20completo.pdf\" target=\"_blank\" rel=\"noopener noreferrer\">aqui<\/a> os Anais ANPTECRE 2019<\/h5>\n\n\n\n<h5 class=\"wp-block-heading has-text-align-right\">Baixe por <a href=\"https:\/\/www.fundarfenix.com.br\/_files\/ugd\/9b34d5_09e28e90fb414f28ba3db74b5137e6cf.pdf\" target=\"_blank\" rel=\"noopener\">aqui<\/a> os Anais ANPTECRE 2021<\/h5>\n\n\n\n<h5 class=\"wp-block-heading has-text-align-right\">Baixe por <a href=\"https:\/\/anptecre.org.br\/download\/IXcongressoAnptecreAnaisGT.pdf\" target=\"_blank\" rel=\"noreferrer noopener\">aqui<\/a> os Anais ANPTECRE 2023<\/h5>\n\n\n\n<h5 class=\"wp-block-heading has-text-align-right\">Baixe por <a href=\"http:\/\/cienciadasreligioes.ulusofona.pt\/i-congresso-lusofono-de-ciencia-das-religioes-de-2015\/#\" target=\"_blank\" rel=\"noopener noreferrer\">aqui<\/a> os Anais (Vol. XV) do Congresso Lus\u00f3fono 2015<\/h5>\n\n\n\n<h5 class=\"wp-block-heading has-text-align-right\">Baixe por<a href=\"https:\/\/espdialogo.files.wordpress.com\/2016\/11\/seminario2016.pdf\" target=\"_blank\" rel=\"noopener noreferrer\"> aqui <\/a>o Relat\u00f3rio do I Semin\u00e1rio \u201cEspiritualidades contempor\u00e2neas, pluralidade religiosa e di\u00e1logo\u201d 2016<\/h5>\n\n\n\n<h5 class=\"wp-block-heading has-text-align-right\">BAIXE POR <a href=\"https:\/\/espdialogo.files.wordpress.com\/2018\/05\/espiritualidade_direitos_humanos.pdf\" target=\"_blank\" rel=\"noopener noreferrer\">AQUI<\/a> O RELAT\u00d3RIO DO II SEMIN\u00c1RIO &#8220;ESPIRITUALIDADES CONTEMPOR\u00c2NEAS, PLURALIDADE RELIGIOSA E DI\u00c1LOGO&#8221; 2017<\/h5>\n\n\n\n<h5 class=\"wp-block-heading has-text-align-right\">Baixe por <a href=\"https:\/\/www1.unicap.br\/observatorio2\/wp-content\/uploads\/2020\/11\/E-book-Desafios-dos-Fundamentalismos_Gilbraz-Aragao-e-Mariano-Vicente-1.pdf\" target=\"_blank\" rel=\"noopener\">aqui<\/a> o Relat\u00f3rio do III Semin\u00e1rio \u201cEspiritualidades contempor\u00e2neas, pluralidade religiosa e di\u00e1logo\u201d 2021<\/h5>\n\n\n\n<p><span style=\"color: #ffffff;\">&#8230;<\/span><\/p>\n\n\n\n<p><span style=\"color: #ffffff;\">..<\/span><\/p>\n","protected":false},"excerpt":{"rendered":"<p>Nosso Observat\u00f3rio pretende gerar uma s\u00e9rie de publica\u00e7\u00f5es eletr\u00f4nicas e um centro virtual de documenta\u00e7\u00e3o sobre as religi\u00f5es do Recife e os seus encontros\/desencontros. Uma cole\u00e7\u00e3o est\u00e1 sendo editada para prestar contas dos primeiros anos de pesquisa da nossa equipe \u00e0 comunidade acad\u00eamica e \u00e0 sociedade pernambucana. Abaixo compartilhamos tamb\u00e9m outros Livros que resultaram de&#8230; <\/p>\n<div class=\"link-more\"><a href=\"https:\/\/www1.unicap.br\/observatorio2\/?page_id=31\">Leia mais<\/a><\/div>\n","protected":false},"author":2,"featured_media":0,"parent":0,"menu_order":4,"comment_status":"closed","ping_status":"closed","template":"","meta":{"footnotes":""},"class_list":["post-31","page","type-page","status-publish","hentry"],"_links":{"self":[{"href":"https:\/\/www1.unicap.br\/observatorio2\/index.php?rest_route=\/wp\/v2\/pages\/31","targetHints":{"allow":["GET"]}}],"collection":[{"href":"https:\/\/www1.unicap.br\/observatorio2\/index.php?rest_route=\/wp\/v2\/pages"}],"about":[{"href":"https:\/\/www1.unicap.br\/observatorio2\/index.php?rest_route=\/wp\/v2\/types\/page"}],"author":[{"embeddable":true,"href":"https:\/\/www1.unicap.br\/observatorio2\/index.php?rest_route=\/wp\/v2\/users\/2"}],"replies":[{"embeddable":true,"href":"https:\/\/www1.unicap.br\/observatorio2\/index.php?rest_route=%2Fwp%2Fv2%2Fcomments&post=31"}],"version-history":[{"count":108,"href":"https:\/\/www1.unicap.br\/observatorio2\/index.php?rest_route=\/wp\/v2\/pages\/31\/revisions"}],"predecessor-version":[{"id":9141,"href":"https:\/\/www1.unicap.br\/observatorio2\/index.php?rest_route=\/wp\/v2\/pages\/31\/revisions\/9141"}],"wp:attachment":[{"href":"https:\/\/www1.unicap.br\/observatorio2\/index.php?rest_route=%2Fwp%2Fv2%2Fmedia&parent=31"}],"curies":[{"name":"wp","href":"https:\/\/api.w.org\/{rel}","templated":true}]}}