{"id":22,"date":"2011-02-07T21:23:04","date_gmt":"2011-02-07T21:23:04","guid":{"rendered":"https:\/\/www1.unicap.br\/observatorio2\/?page_id=22"},"modified":"2024-11-04T15:51:23","modified_gmt":"2024-11-04T18:51:23","slug":"equipe","status":"publish","type":"page","link":"https:\/\/www1.unicap.br\/observatorio2\/?page_id=22","title":{"rendered":"Equipe"},"content":{"rendered":"<p>Este espa\u00e7o para promo\u00e7\u00e3o do di\u00e1logo intercultural e inter-religioso \u00e9 organizado em mutir\u00e3o, tem a participa\u00e7\u00e3o de muitos colegas da Universidade Cat\u00f3lica de Pernambuco, bem como de amigos pesquisadores da religiosidade e do di\u00e1logo entre culturas e religi\u00f5es pelo mundo afora.\u00a0Inclusive, participamos na\u00a0rede de di\u00e1logo inter-religioso, e at\u00e9 no conselho de coordena\u00e7\u00e3o, do <a href=\"http:\/\/olma.org.br\/\" target=\"_blank\" rel=\"noopener noreferrer\">Observat\u00f3rio Nacional de Justi\u00e7a Socioambiental<\/a> dos jesu\u00edtas, e colaboramos tamb\u00e9m com o &#8220;<a href=\"https:\/\/www.facebook.com\/observatorioODREC\/\" target=\"_blank\" rel=\"noopener noreferrer\">Observatorio de la Diversidad Religiosa y de las Culturas en Am\u00e9rica Latina y el Caribe<\/a>&#8221; e a &#8220;<a href=\"https:\/\/www1.unicap.br\/observatorio2\/?p=5393\" target=\"_blank\" rel=\"noopener\">Coalici\u00f3n Religiones, Creencias y Espiritualidades en Di\u00e1logo con la Sociedad Civil&#8221;<\/a>. Estamos, principalmente, articulados com o <a href=\"https:\/\/espdialogo.wordpress.com\/\" target=\"_blank\" rel=\"noopener noreferrer\">Grupo de Pesquisa interuniversit\u00e1rio Espiritualidades, pluralidade e di\u00e1logo<\/a> (coordenado, al\u00e9m do Prof. Gilbraz Arag\u00e3o da UNICAP, pelos Profs.\u00a0<a href=\"http:\/\/lattes.cnpq.br\/5871245626115751\" target=\"_blank\" rel=\"noopener noreferrer\">Roberlei Panasiewicz<\/a> &#8211; PUCMinas e <a href=\"http:\/\/lattes.cnpq.br\/7202032274381269\" target=\"_blank\" rel=\"noopener noreferrer\">Cl\u00e1udio Ribeiro<\/a> &#8211; UFJF). Em termos de parceria inspiradora, temos orgulho de ter contado sempre com a participa\u00e7\u00e3o e apoio da irm\u00e3 <a href=\"https:\/\/www1.unicap.br\/observatorio2\/?p=7084\" target=\"_blank\" rel=\"noopener\">Ad\u00e9lia Carvalho<\/a>, educadora e artista da caminhada; e ultimamente com a conviv\u00eancia do monge <a href=\"http:\/\/www.marcelobarros.com\/\" target=\"_blank\" rel=\"noopener noreferrer\">Marcelo Barros<\/a>, voltando ao Recife ap\u00f3s anos de assessoria \u00e0s pastorais populares e trabalho pela unidade das tradi\u00e7\u00f5es espirituais.<\/p>\n<p><a href=\"https:\/\/www1.unicap.br\/observatorio2\/wp-content\/uploads\/2019\/01\/10433937_823860504339373_2693220349162687037_n.jpg\"><img loading=\"lazy\" decoding=\"async\" class=\"aligncenter size-full wp-image-4574\" src=\"https:\/\/www1.unicap.br\/observatorio2\/wp-content\/uploads\/2019\/01\/10433937_823860504339373_2693220349162687037_n.jpg\" alt=\"\" width=\"920\" height=\"669\" srcset=\"https:\/\/www1.unicap.br\/observatorio2\/wp-content\/uploads\/2019\/01\/10433937_823860504339373_2693220349162687037_n.jpg 920w, https:\/\/www1.unicap.br\/observatorio2\/wp-content\/uploads\/2019\/01\/10433937_823860504339373_2693220349162687037_n-300x218.jpg 300w, https:\/\/www1.unicap.br\/observatorio2\/wp-content\/uploads\/2019\/01\/10433937_823860504339373_2693220349162687037_n-413x300.jpg 413w\" sizes=\"auto, (max-width: 920px) 100vw, 920px\" \/><\/a><\/p>\n<p>Vamos destacar aqui os respons\u00e1veis por essa empreitada:<\/p>\n<h2>Equipe de Pesquisadores<\/h2>\n<ul>\n<li>Me. <a href=\"http:\/\/lattes.cnpq.br\/6162850945171157\" target=\"_blank\" rel=\"noopener\">Ana Cristina Rodrigues de Vasconcellos<\/a><\/li>\n<li>Dra. <a href=\"http:\/\/lattes.cnpq.br\/3854663999488200\" target=\"_blank\" rel=\"noopener\">Ana Paula Cavalcante Luna de Andrade<\/a><\/li>\n<li>Me. <a href=\"http:\/\/lattes.cnpq.br\/4731559424959322\" target=\"_blank\" rel=\"noopener\">Arthur Jordan de Azevedo Ton\u00e9<\/a><\/li>\n<li>Me.\u00a0<a href=\"http:\/\/lattes.cnpq.br\/9165805901859493\" target=\"_blank\" rel=\"noopener noreferrer\">Carlos Alberto Pinheiro Vieira<\/a><\/li>\n<li>Dra. <a href=\"http:\/\/lattes.cnpq.br\/2118947389116019\" target=\"_blank\" rel=\"noopener noreferrer\">Francilaide de Queiroz Ronsi<\/a><\/li>\n<li>Dr. <a href=\"http:\/\/lattes.cnpq.br\/2791943760545079\" target=\"_blank\" rel=\"noopener noreferrer\">Gilbraz de Souza Arag\u00e3o<\/a> (coordenador)<\/li>\n<li>Lic. <a href=\"http:\/\/lattes.cnpq.br\/2372091190624310\" target=\"_blank\" rel=\"noopener\">Gustavo Albuquerque Germano dos Santos<\/a><\/li>\n<li>Bac. <a href=\"http:\/\/lattes.cnpq.br\/5838251192202820\" target=\"_blank\" rel=\"noopener\">Jo\u00e3o In\u00e1cio Bezerra da Silva<\/a><\/li>\n<li>Dr. <a href=\"http:\/\/lattes.cnpq.br\/7211033121825699\" target=\"_blank\" rel=\"noopener noreferrer\">Jos\u00e9 Artur Tavares de Brito<\/a><\/li>\n<li>Me. <a href=\"http:\/\/lattes.cnpq.br\/3485300858010922\" target=\"_blank\" rel=\"noopener\">Jos\u00e9 F\u00e1bio Bentes Valente<\/a><\/li>\n<li>Me. <a href=\"http:\/\/lattes.cnpq.br\/1146986517284684\" target=\"_blank\" rel=\"noopener\">Jos\u00e9 Fabr\u00edcio Rodrigues dos Santos Cabral<\/a><\/li>\n<li>Dr. <a href=\"http:\/\/lattes.cnpq.br\/4236853025292841\" target=\"_blank\" rel=\"noopener noreferrer\">Luis Carlos de Lima Pacheco<\/a><\/li>\n<li>Me. <a href=\"http:\/\/lattes.cnpq.br\/0025167190130531\" target=\"_blank\" rel=\"noopener noreferrer\">Mailson Fernandes Cabral de Souza<\/a><\/li>\n<li>Me. <a href=\"http:\/\/lattes.cnpq.br\/1700680246646370\" target=\"_blank\" rel=\"noopener noreferrer\">Maria Lucia Gomes dos Prazeres<\/a><\/li>\n<li>Me.\u00a0<a href=\"http:\/\/lattes.cnpq.br\/9835635867888143\" target=\"_blank\" rel=\"noopener noreferrer\">Mariano Vicente da Silva<\/a><\/li>\n<li>Me. <a href=\"http:\/\/lattes.cnpq.br\/8651002318791315\" target=\"_blank\" rel=\"noopener noreferrer\">Maristela Ferreira Silva Velozo<\/a><\/li>\n<li>Dr. <a href=\"http:\/\/lattes.cnpq.br\/0350215390387071\" target=\"_blank\" rel=\"noopener\">Maruilson Menezes de Souza<\/a><\/li>\n<li>Esp. <a href=\"http:\/\/lattes.cnpq.br\/5040615713806264\" target=\"_blank\" rel=\"noopener noreferrer\">Rayane Marinho Leal<\/a><\/li>\n<li>Esp. <a href=\"http:\/\/lattes.cnpq.br\/7340330847969395\" target=\"_blank\" rel=\"noopener\">Rom\u00e1rio Evangelista Fernandes<\/a><\/li>\n<li>Me. <a href=\"http:\/\/lattes.cnpq.br\/9982075043469808\" target=\"_blank\" rel=\"noopener\">Raimundo Valmir de Oliveira<\/a><\/li>\n<li>Me. <a href=\"http:\/\/lattes.cnpq.br\/9028854754700186\" target=\"_blank\" rel=\"noopener noreferrer\">Sandra Maria de Ara\u00fajo Silva<\/a><\/li>\n<li>Me. <a href=\"http:\/\/lattes.cnpq.br\/7822186880352675\" target=\"_blank\" rel=\"noopener noreferrer\">Tha\u00eds Chianca Bessa Ribeiro do Valle<\/a><\/li>\n<\/ul>\n<h2>Equipe de Estagi\u00e1rios<\/h2>\n<ul>\n<li><a href=\"http:\/\/lattes.cnpq.br\/0557151857334305\" target=\"_blank\" rel=\"noopener\">Alef Pierry<\/a><\/li>\n<li><a href=\"http:\/\/lattes.cnpq.br\/4124091869357821\" target=\"_blank\" rel=\"noopener noreferrer\">Caroline Justino<\/a><\/li>\n<li><a href=\"http:\/\/lattes.cnpq.br\/2194266803741430\" target=\"_blank\" rel=\"noopener\">Dinah Cristina<\/a><\/li>\n<li><a href=\"http:\/\/lattes.cnpq.br\/3175220345320678\" target=\"_blank\" rel=\"noopener noreferrer\">Isadora Vasconcelos<\/a><\/li>\n<li><a href=\"http:\/\/lattes.cnpq.br\/6593931656420072\" target=\"_blank\" rel=\"noopener noreferrer\">Larissa Silva<\/a><\/li>\n<li><a href=\"http:\/\/lattes.cnpq.br\/2570615583257383\" target=\"_blank\" rel=\"noopener noreferrer\">Luisa Farias<\/a><\/li>\n<li><a href=\"http:\/\/lattes.cnpq.br\/5040615713806264\" target=\"_blank\" rel=\"noopener noreferrer\">Rayane Marinho<\/a><\/li>\n<\/ul>\n<h2>Equipe T\u00e9cnica<\/h2>\n<ul>\n<li>Francisco Secchim (<em>webdesigner<\/em>)<\/li>\n<li>Edmilson Carvalho (<i>suporte t\u00e9cnico<\/i>)<\/li>\n<li>Luca Pacheco\u00a0 (<em>produ\u00e7\u00e3o de v\u00eddeo<\/em>)<span style=\"color: #ffffff;\">.<\/span><\/li>\n<\/ul>\n<h2>Autoridades relacionadas na Unicap<\/h2>\n<ul>\n<li>Reitor: Prof. Dr. Pe. Pedro Rubens Ferreira Oliveira, S.J.<\/li>\n<li>Pr\u00f3-reitora de Pesquisa, P\u00f3s-gradua\u00e7\u00e3o e Inova\u00e7\u00e3o: Profa. Dra. Valdenice Jos\u00e9 Raimundo<\/li>\n<li>Pr\u00f3-reitor Comunit\u00e1rio e de Extens\u00e3o: Pe. Delmar Ara\u00fajo Cardoso, S.J.<\/li>\n<\/ul>\n<h5><span style=\"color: #ffffff;\">.<\/span><\/h5>\n<h5 style=\"text-align: right;\">VEJA \u00c1LBUNS DAS NOSSAS ATIVIDADES<\/h5>\n<h5 style=\"text-align: right;\"><a href=\"https:\/\/www.facebook.com\/media\/set\/?set=a.10226101822405488&amp;type=3\" target=\"_blank\" rel=\"noopener\">SAPI\u00caNCIA<\/a><\/h5>\n<h5 style=\"text-align: right;\"><a href=\"https:\/\/www.facebook.com\/media\/set\/?set=a.10224783625331385&amp;type=3\" target=\"_blank\" rel=\"noopener\">O SOL H\u00c1 DE BRILHAR<\/a><\/h5>\n<h5 style=\"text-align: right;\"><a href=\"https:\/\/www.facebook.com\/media\/set\/?set=a.10219027087101527&amp;type=3\" target=\"_blank\" rel=\"noopener\">DEFENDENDO O CORA\u00c7\u00c3O<\/a><\/h5>\n<h5 style=\"text-align: right;\"><a href=\"https:\/\/www.facebook.com\/gilbraz.aragao\/media_set?set=a.10216966208980862&amp;type=3\" target=\"_blank\" rel=\"noopener noreferrer\">ESTUDOS DE RELIGI\u00c3O E ENGAJAMENTO<\/a><\/h5>\n<h5 style=\"text-align: right;\"><a href=\"https:\/\/www.facebook.com\/media\/set\/?set=a.10215196663063320&amp;type=1&amp;l=52f8b08ef1\" target=\"_blank\" rel=\"noopener noreferrer\">REVELA\u00c7\u00c3O EM PROCESSO<\/a><\/h5>\n<h5 style=\"text-align: right;\"><a href=\"https:\/\/www.facebook.com\/media\/set\/?set=a.10213324300935437.1073741851.1635464909&amp;type=1&amp;l=d4cba96f53\" target=\"_blank\" rel=\"noopener noreferrer\">SONS DIFERENTES, SONHOS IGUAIS<\/a><\/h5>\n<h5 style=\"text-align: right;\"><a href=\"https:\/\/www.facebook.com\/media\/set\/?set=a.10212169515826531.1073741847.1635464909&amp;type=1&amp;l=863d3af16a\" target=\"_blank\" rel=\"noopener noreferrer\">F\u00c9 ESCLARECIDA E DI\u00c1LOGO INTER-RELIGIOSO<\/a><\/h5>\n<h5 style=\"text-align: right;\"><a href=\"https:\/\/www.facebook.com\/media\/set\/?set=a.10209534777479719.1073741844.1635464909&amp;type=1&amp;l=88bf9564de\" target=\"_blank\" rel=\"noopener noreferrer\">Respeito \u00e0 laicidade do Estado<\/a><\/h5>\n<h5 style=\"text-align: right;\"><a href=\"https:\/\/www.facebook.com\/media\/set\/?set=a.10207096400001806.1073741837.1635464909&amp;type=1&amp;l=ad7a0d25f8\" target=\"_blank\" rel=\"noopener noreferrer\">Religi\u00e3o sim, s\u00f3 que n\u00e3o<\/a><\/h5>\n<h5 style=\"text-align: right;\"><a href=\"https:\/\/www.facebook.com\/media\/set\/?set=a.10205382233868724.1073741833.1635464909&amp;type=1&amp;l=409e23c154\" target=\"_blank\" rel=\"noopener noreferrer\">Muita religi\u00e3o, seu mo\u00e7o<\/a><\/h5>\n<h5 style=\"text-align: right;\"><a href=\"https:\/\/www.facebook.com\/media\/set\/?set=a.10202661386889250.1073741830.1635464909&amp;type=1&amp;l=555b892b33\" target=\"_blank\" rel=\"noopener noreferrer\">Milit\u00e2ncia pela diversidade<\/a><\/h5>\n<p><span style=\"color: #ffffff;\">.<\/span><\/p>\n<p><span style=\"color: #ffffff;\">..<\/span><\/p>\n\n\n<p><\/p>\n","protected":false},"excerpt":{"rendered":"<p>Este espa\u00e7o para promo\u00e7\u00e3o do di\u00e1logo intercultural e inter-religioso \u00e9 organizado em mutir\u00e3o, tem a participa\u00e7\u00e3o de muitos colegas da Universidade Cat\u00f3lica de Pernambuco, bem como de amigos pesquisadores da religiosidade e do di\u00e1logo entre culturas e religi\u00f5es pelo mundo afora.\u00a0Inclusive, participamos na\u00a0rede de di\u00e1logo inter-religioso, e at\u00e9 no conselho de coordena\u00e7\u00e3o, do Observat\u00f3rio Nacional&#8230; <\/p>\n<div class=\"link-more\"><a href=\"https:\/\/www1.unicap.br\/observatorio2\/?page_id=22\">Leia mais<\/a><\/div>\n","protected":false},"author":1,"featured_media":0,"parent":0,"menu_order":0,"comment_status":"closed","ping_status":"closed","template":"","meta":{"footnotes":""},"class_list":["post-22","page","type-page","status-publish","hentry"],"_links":{"self":[{"href":"https:\/\/www1.unicap.br\/observatorio2\/index.php?rest_route=\/wp\/v2\/pages\/22","targetHints":{"allow":["GET"]}}],"collection":[{"href":"https:\/\/www1.unicap.br\/observatorio2\/index.php?rest_route=\/wp\/v2\/pages"}],"about":[{"href":"https:\/\/www1.unicap.br\/observatorio2\/index.php?rest_route=\/wp\/v2\/types\/page"}],"author":[{"embeddable":true,"href":"https:\/\/www1.unicap.br\/observatorio2\/index.php?rest_route=\/wp\/v2\/users\/1"}],"replies":[{"embeddable":true,"href":"https:\/\/www1.unicap.br\/observatorio2\/index.php?rest_route=%2Fwp%2Fv2%2Fcomments&post=22"}],"version-history":[{"count":95,"href":"https:\/\/www1.unicap.br\/observatorio2\/index.php?rest_route=\/wp\/v2\/pages\/22\/revisions"}],"predecessor-version":[{"id":8428,"href":"https:\/\/www1.unicap.br\/observatorio2\/index.php?rest_route=\/wp\/v2\/pages\/22\/revisions\/8428"}],"wp:attachment":[{"href":"https:\/\/www1.unicap.br\/observatorio2\/index.php?rest_route=%2Fwp%2Fv2%2Fmedia&parent=22"}],"curies":[{"name":"wp","href":"https:\/\/api.w.org\/{rel}","templated":true}]}}