{"id":2454,"date":"2020-05-29T22:20:56","date_gmt":"2020-05-30T01:20:56","guid":{"rendered":"https:\/\/www1.unicap.br\/jornalismo\/?page_id=2454"},"modified":"2025-03-25T09:26:17","modified_gmt":"2025-03-25T12:26:17","slug":"blog","status":"publish","type":"page","link":"https:\/\/www1.unicap.br\/jornalismo\/blog\/","title":{"rendered":"Blog"},"content":{"rendered":"<p>[et_pb_section fb_built=&#8221;1&#8243; admin_label=&#8221;About Us Section&#8221; _builder_version=&#8221;4.16&#8243; background_color=&#8221;#666666&#8243; custom_padding=&#8221;60px||99px|||&#8221; global_colors_info=&#8221;{}&#8221;][et_pb_row admin_label=&#8221;About Us Area&#8221; _builder_version=&#8221;4.16&#8243; global_colors_info=&#8221;{}&#8221;][et_pb_column type=&#8221;4_4&#8243; _builder_version=&#8221;4.16&#8243; custom_padding=&#8221;|||&#8221; global_colors_info=&#8221;{}&#8221; custom_padding__hover=&#8221;|||&#8221;][et_pb_text admin_label=&#8221;Title&#8221; _builder_version=&#8221;4.16&#8243; text_font=&#8221;Raleway||||||||&#8221; header_font=&#8221;||||||||&#8221; header_text_align=&#8221;left&#8221; header_2_font=&#8221;Raleway|600|||||||&#8221; header_2_text_align=&#8221;left&#8221; header_2_font_size=&#8221;36px&#8221; header_2_line_height=&#8221;1.2em&#8221; background_layout=&#8221;dark&#8221; max_width=&#8221;80%&#8221; module_alignment=&#8221;center&#8221; custom_margin=&#8221;||0px|&#8221; animation_style=&#8221;fade&#8221; text_text_align=&#8221;left&#8221; global_colors_info=&#8221;{}&#8221;]<\/p>\n<h2>Blog<\/h2>\n<p>[\/et_pb_text][et_pb_divider color=&#8221;#525252&#8243; divider_position=&#8221;center&#8221; divider_weight=&#8221;3px&#8221; _builder_version=&#8221;4.16&#8243; max_width=&#8221;100px&#8221; custom_margin=&#8221;|||10%|false|false&#8221; animation_style=&#8221;slide&#8221; animation_intensity_slide=&#8221;10%&#8221; animation_starting_opacity=&#8221;100%&#8221; global_colors_info=&#8221;{}&#8221;][\/et_pb_divider][dgbm_blog_module posts_number=&#8221;10&#8243; show_author=&#8221;off&#8221; layout=&#8221;full-width&#8221; layout_styles=&#8221;image-left&#8221; equal_height_column=&#8221;on&#8221; image_width=&#8221;40%&#8221; use_meta_icon=&#8221;on&#8221; pagination_background=&#8221;rgba(255,255,255,0)&#8221; article_margin=&#8221;||25px||false|false&#8221; content_padding=&#8221;20px|||30px|false|false&#8221; meta_default_margin=&#8221;10px||||false|false&#8221; text_margin=&#8221;10px||20px||false|false&#8221; disabled_on=&#8221;off|off|off&#8221; _builder_version=&#8221;4.27.0&#8243; title_font=&#8221;|700|||||||&#8221; title_text_color=&#8221;#ffffff&#8221; title_font_size=&#8221;26px&#8221; meta_text_color=&#8221;#9e9e9e&#8221; meta_font_size=&#8221;11px&#8221; content_text_color=&#8221;#ffffff&#8221; width=&#8221;80%&#8221; module_alignment=&#8221;center&#8221; hover_enabled=&#8221;0&#8243; locked=&#8221;off&#8221; global_colors_info=&#8221;{}&#8221; sticky_enabled=&#8221;0&#8243;][\/dgbm_blog_module][\/et_pb_column][\/et_pb_row][\/et_pb_section]<\/p>\n","protected":false},"excerpt":{"rendered":"<p>Blog<div class=\"et_pb_module dgbm_blog_module dgbm_blog_module_0\">\n\t\t\t\t\n\t\t\t\t\n\t\t\t\t\n\t\t\t\t\n\t\t\t\t\n\t\t\t\t\n\t\t\t\t<div class=\"et_pb_module_inner\">\n\t\t\t\t\t<div class=\"dg-blog-module equal-hieght content-top has-meta-icon\">\r\n\t\t\t\t\t\t\t<div class=\"dg-blog-inner-wrapper full-width image-left\">\r\n\t\t\t\t\t\t\t\t<div class=\"et_pb_ajax_pagination_container\">\r\n\t\t\t\t\t\t\t\t\t                <article id=\"post-5368\" class=\"dgbm_post_item v2 post-5368 post type-post status-publish format-standard has-post-thumbnail hentry category-sem-categoria\" >\r\n                    <div class=\"column-image\"><div class=\"dg-post-thumb\" > <a class=\"featured-image-link\" style=\"background-image:url(https:\/\/i0.wp.com\/www1.unicap.br\/jornalismo\/wp-content\/uploads\/2026\/04\/SaveClip.App_670840518_18322216936265629_420975353230480304_n.jpg?resize=400%2C250&ssl=1);\" href=\"https:\/\/www1.unicap.br\/jornalismo\/curso-de-jornalismo-participa-de-feira-de-profissoes-do-colegio-equipe\/\"><img loading=\"lazy\" decoding=\"async\" src=\"https:\/\/i0.wp.com\/www1.unicap.br\/jornalismo\/wp-content\/uploads\/2026\/04\/SaveClip.App_670840518_18322216936265629_420975353230480304_n.jpg?resize=400%2C250&#038;ssl=1\" alt=\"Curso de Jornalismo participa de Feira de Profiss\u00f5es do Col\u00e9gio Equipe\" class=\"\" srcset=\"https:\/\/i0.wp.com\/www1.unicap.br\/jornalismo\/wp-content\/uploads\/2026\/04\/SaveClip.App_670840518_18322216936265629_420975353230480304_n.jpg?fit=1080%2C810&ssl=1 479w, https:\/\/i0.wp.com\/www1.unicap.br\/jornalismo\/wp-content\/uploads\/2026\/04\/SaveClip.App_670840518_18322216936265629_420975353230480304_n.jpg?resize=400%2C250&ssl=1 480w \" sizes=\"auto, (max-width:479px) 479px, 100vw \"  width=\"400\" height=\"250\" \/><\/a><\/div><\/div>                    <div class=\"column-content\">                        <div class=\"content-wrapper\">\r\n                                                        <h2 class=\"dg_bm_title\"><a href=\"https:\/\/www1.unicap.br\/jornalismo\/curso-de-jornalismo-participa-de-feira-de-profissoes-do-colegio-equipe\/\">Curso de Jornalismo participa de Feira de Profiss\u00f5es do Col\u00e9gio Equipe<\/a><\/h2>                            <p class=\"post-meta post-meta-position-default\"><span class=\"published\"><span class=\"meta-icon\"><\/span>abr 17, 2026<\/span><span class=\"categories\"><span class=\"meta-icon\"><\/span> <a href=\"https:\/\/www1.unicap.br\/jornalismo\/category\/sem-categoria\/\" rel=\"category tag\">Sem categoria<\/a><\/span><\/p>                            <div class=\"post-content\">O curso de Jornalismo participou na manh\u00e3 desta quarta-feira, dia 15, da Feira de Profiss\u00f5es realizada pelo Col\u00e9gio E...<\/div>                                                                                    \r\n                        <\/div>\r\n                    <\/div>                <\/article>\r\n                                <article id=\"post-5363\" class=\"dgbm_post_item v2 post-5363 post type-post status-publish format-standard has-post-thumbnail hentry category-sem-categoria\" >\r\n                    <div class=\"column-image\"><div class=\"dg-post-thumb\" > <a class=\"featured-image-link\" style=\"background-image:url(https:\/\/i0.wp.com\/www1.unicap.br\/jornalismo\/wp-content\/uploads\/2026\/04\/SaveClip.App_670535654_18321625603265629_9065378955469905739_n.webp?resize=400%2C250&ssl=1);\" href=\"https:\/\/www1.unicap.br\/jornalismo\/alunos-do-sexto-periodo-fazem-entrevistas-no-museu-de-arqueologia-da-unicap\/\"><img loading=\"lazy\" decoding=\"async\" src=\"https:\/\/i0.wp.com\/www1.unicap.br\/jornalismo\/wp-content\/uploads\/2026\/04\/SaveClip.App_670535654_18321625603265629_9065378955469905739_n.webp?resize=400%2C250&#038;ssl=1\" alt=\"Alunos do sexto per\u00edodo fazem entrevistas no Museu de Arqueologia da Unicap\" class=\"\" srcset=\"https:\/\/i0.wp.com\/www1.unicap.br\/jornalismo\/wp-content\/uploads\/2026\/04\/SaveClip.App_670535654_18321625603265629_9065378955469905739_n.webp?fit=1080%2C810&ssl=1 479w, https:\/\/i0.wp.com\/www1.unicap.br\/jornalismo\/wp-content\/uploads\/2026\/04\/SaveClip.App_670535654_18321625603265629_9065378955469905739_n.webp?resize=400%2C250&ssl=1 480w \" sizes=\"auto, (max-width:479px) 479px, 100vw \"  width=\"400\" height=\"250\" \/><\/a><\/div><\/div>                    <div class=\"column-content\">                        <div class=\"content-wrapper\">\r\n                                                        <h2 class=\"dg_bm_title\"><a href=\"https:\/\/www1.unicap.br\/jornalismo\/alunos-do-sexto-periodo-fazem-entrevistas-no-museu-de-arqueologia-da-unicap\/\">Alunos do sexto per\u00edodo fazem entrevistas no Museu de Arqueologia da Unicap<\/a><\/h2>                            <p class=\"post-meta post-meta-position-default\"><span class=\"published\"><span class=\"meta-icon\"><\/span>abr 17, 2026<\/span><span class=\"categories\"><span class=\"meta-icon\"><\/span> <a href=\"https:\/\/www1.unicap.br\/jornalismo\/category\/sem-categoria\/\" rel=\"category tag\">Sem categoria<\/a><\/span><\/p>                            <div class=\"post-content\">Vamos terminar a semana com os registros das entrevistas feitas na tarde da quinta-feira, dia 09, pela turma do 6\u00ba per?...<\/div>                                                                                    \r\n                        <\/div>\r\n                    <\/div>                <\/article>\r\n                                <article id=\"post-5348\" class=\"dgbm_post_item v2 post-5348 post type-post status-publish format-standard has-post-thumbnail hentry category-sem-categoria\" >\r\n                    <div class=\"column-image\"><div class=\"dg-post-thumb\" > <a class=\"featured-image-link\" style=\"background-image:url(https:\/\/i0.wp.com\/www1.unicap.br\/jornalismo\/wp-content\/uploads\/2026\/04\/Sem-nome-1200-x-630-px.jpg?resize=400%2C250&ssl=1);\" href=\"https:\/\/www1.unicap.br\/jornalismo\/curso-de-jornalismo-recebe-visita-de-alunos-do-colegio-invest-ceduc\/\"><img loading=\"lazy\" decoding=\"async\" src=\"https:\/\/i0.wp.com\/www1.unicap.br\/jornalismo\/wp-content\/uploads\/2026\/04\/Sem-nome-1200-x-630-px.jpg?resize=400%2C250&#038;ssl=1\" alt=\"Curso de Jornalismo recebe visita de alunos do Col\u00e9gio Invest Ceduc\" class=\"\" srcset=\"https:\/\/i0.wp.com\/www1.unicap.br\/jornalismo\/wp-content\/uploads\/2026\/04\/Sem-nome-1200-x-630-px.jpg?fit=1200%2C630&ssl=1 479w, https:\/\/i0.wp.com\/www1.unicap.br\/jornalismo\/wp-content\/uploads\/2026\/04\/Sem-nome-1200-x-630-px.jpg?resize=400%2C250&ssl=1 480w \" sizes=\"auto, (max-width:479px) 479px, 100vw \"  width=\"400\" height=\"250\" \/><\/a><\/div><\/div>                    <div class=\"column-content\">                        <div class=\"content-wrapper\">\r\n                                                        <h2 class=\"dg_bm_title\"><a href=\"https:\/\/www1.unicap.br\/jornalismo\/curso-de-jornalismo-recebe-visita-de-alunos-do-colegio-invest-ceduc\/\">Curso de Jornalismo recebe visita de alunos do Col\u00e9gio Invest Ceduc<\/a><\/h2>                            <p class=\"post-meta post-meta-position-default\"><span class=\"published\"><span class=\"meta-icon\"><\/span>abr 17, 2026<\/span><span class=\"categories\"><span class=\"meta-icon\"><\/span> <a href=\"https:\/\/www1.unicap.br\/jornalismo\/category\/sem-categoria\/\" rel=\"category tag\">Sem categoria<\/a><\/span><\/p>                            <div class=\"post-content\">Os cursos de Jornalismo e Publicidade e Propaganda receberam nesta quinta-feira, dia 09, a visita dos estudantes do 3\u00ba ...<\/div>                                                                                    \r\n                        <\/div>\r\n                    <\/div>                <\/article>\r\n                                <article id=\"post-5340\" class=\"dgbm_post_item v2 post-5340 post type-post status-publish format-standard has-post-thumbnail hentry category-sem-categoria\" >\r\n                    <div class=\"column-image\"><div class=\"dg-post-thumb\" > <a class=\"featured-image-link\" style=\"background-image:url(https:\/\/i0.wp.com\/www1.unicap.br\/jornalismo\/wp-content\/uploads\/2026\/04\/SaveClip.App_657867947_18320503222265629_6950642393337142790_n-1.jpg?resize=400%2C250&ssl=1);\" href=\"https:\/\/www1.unicap.br\/jornalismo\/confira-como-foi-a-segunda-sessao-do-cineclube-revezes\/\"><img loading=\"lazy\" decoding=\"async\" src=\"https:\/\/i0.wp.com\/www1.unicap.br\/jornalismo\/wp-content\/uploads\/2026\/04\/SaveClip.App_657867947_18320503222265629_6950642393337142790_n-1.jpg?resize=400%2C250&#038;ssl=1\" alt=\"Confira como foi a segunda sess\u00e3o do Cineclube Revezes\" class=\"\" srcset=\"https:\/\/i0.wp.com\/www1.unicap.br\/jornalismo\/wp-content\/uploads\/2026\/04\/SaveClip.App_657867947_18320503222265629_6950642393337142790_n-1.jpg?fit=1080%2C809&ssl=1 479w, https:\/\/i0.wp.com\/www1.unicap.br\/jornalismo\/wp-content\/uploads\/2026\/04\/SaveClip.App_657867947_18320503222265629_6950642393337142790_n-1.jpg?resize=400%2C250&ssl=1 480w \" sizes=\"auto, (max-width:479px) 479px, 100vw \"  width=\"400\" height=\"250\" \/><\/a><\/div><\/div>                    <div class=\"column-content\">                        <div class=\"content-wrapper\">\r\n                                                        <h2 class=\"dg_bm_title\"><a href=\"https:\/\/www1.unicap.br\/jornalismo\/confira-como-foi-a-segunda-sessao-do-cineclube-revezes\/\">Confira como foi a segunda sess\u00e3o do Cineclube Revezes<\/a><\/h2>                            <p class=\"post-meta post-meta-position-default\"><span class=\"published\"><span class=\"meta-icon\"><\/span>abr 17, 2026<\/span><span class=\"categories\"><span class=\"meta-icon\"><\/span> <a href=\"https:\/\/www1.unicap.br\/jornalismo\/category\/sem-categoria\/\" rel=\"category tag\">Sem categoria<\/a><\/span><\/p>                            <div class=\"post-content\">A segunda sess\u00e3o do Cineclube Revezes aconteceu na noite do dia 31 de mar\u00e7o, e foi um sucesso. \ud83c\udf7f\ud83c\udfa5\ud83c\udf9e\ufe0f Segue a...<\/div>                                                                                    \r\n                        <\/div>\r\n                    <\/div>                <\/article>\r\n                                <article id=\"post-5315\" class=\"dgbm_post_item v2 post-5315 post type-post status-publish format-standard has-post-thumbnail hentry category-sem-categoria\" >\r\n                    <div class=\"column-image\"><div class=\"dg-post-thumb\" > <a class=\"featured-image-link\" style=\"background-image:url(https:\/\/i0.wp.com\/www1.unicap.br\/jornalismo\/wp-content\/uploads\/2026\/04\/SaveClip.App_657711987_18320369035265629_4828840865061504570_n-1.webp?resize=400%2C250&ssl=1);\" href=\"https:\/\/www1.unicap.br\/jornalismo\/confira-como-foi-o-segundo-dia-do-faco\/\"><img loading=\"lazy\" decoding=\"async\" src=\"https:\/\/i0.wp.com\/www1.unicap.br\/jornalismo\/wp-content\/uploads\/2026\/04\/SaveClip.App_657711987_18320369035265629_4828840865061504570_n-1.webp?resize=400%2C250&#038;ssl=1\" alt=\"Confira como foi o segundo dia do Fa\u00e7o!\" class=\"\" srcset=\"https:\/\/i0.wp.com\/www1.unicap.br\/jornalismo\/wp-content\/uploads\/2026\/04\/SaveClip.App_657711987_18320369035265629_4828840865061504570_n-1.webp?fit=942%2C720&ssl=1 479w, https:\/\/i0.wp.com\/www1.unicap.br\/jornalismo\/wp-content\/uploads\/2026\/04\/SaveClip.App_657711987_18320369035265629_4828840865061504570_n-1.webp?resize=400%2C250&ssl=1 480w \" sizes=\"auto, (max-width:479px) 479px, 100vw \"  width=\"400\" height=\"250\" \/><\/a><\/div><\/div>                    <div class=\"column-content\">                        <div class=\"content-wrapper\">\r\n                                                        <h2 class=\"dg_bm_title\"><a href=\"https:\/\/www1.unicap.br\/jornalismo\/confira-como-foi-o-segundo-dia-do-faco\/\">Confira como foi o segundo dia do Fa\u00e7o!<\/a><\/h2>                            <p class=\"post-meta post-meta-position-default\"><span class=\"published\"><span class=\"meta-icon\"><\/span>abr 17, 2026<\/span><span class=\"categories\"><span class=\"meta-icon\"><\/span> <a href=\"https:\/\/www1.unicap.br\/jornalismo\/category\/sem-categoria\/\" rel=\"category tag\">Sem categoria<\/a><\/span><\/p>                            <div class=\"post-content\">O segundo dia do FA\u00c7O! Festival Autoral de Jornalismo come\u00e7ou com o bate-papo com o fot\u00f3grafo e professor Jos\u00e9 Afons...<\/div>                                                                                    \r\n                        <\/div>\r\n                    <\/div>                <\/article>\r\n                                <article id=\"post-5306\" class=\"dgbm_post_item v2 post-5306 post type-post status-publish format-standard has-post-thumbnail hentry category-sem-categoria\" >\r\n                    <div class=\"column-image\"><div class=\"dg-post-thumb\" > <a class=\"featured-image-link\" style=\"background-image:url(https:\/\/i0.wp.com\/www1.unicap.br\/jornalismo\/wp-content\/uploads\/2026\/04\/SaveClip.App_659047323_18320232364265629_6350917271904606475_n.jpg?resize=400%2C250&ssl=1);\" href=\"https:\/\/www1.unicap.br\/jornalismo\/oficina-de-adriana-doria-na-4a-edicao-do-faco\/\"><img loading=\"lazy\" decoding=\"async\" src=\"https:\/\/i0.wp.com\/www1.unicap.br\/jornalismo\/wp-content\/uploads\/2026\/04\/SaveClip.App_659047323_18320232364265629_6350917271904606475_n.jpg?resize=400%2C250&#038;ssl=1\" alt=\"Oficina de Adriana D\u00f3ria na 4\u00aa edi\u00e7\u00e3o do Fa\u00e7o!\" class=\"\" srcset=\"https:\/\/i0.wp.com\/www1.unicap.br\/jornalismo\/wp-content\/uploads\/2026\/04\/SaveClip.App_659047323_18320232364265629_6350917271904606475_n.jpg?fit=1080%2C670&ssl=1 479w, https:\/\/i0.wp.com\/www1.unicap.br\/jornalismo\/wp-content\/uploads\/2026\/04\/SaveClip.App_659047323_18320232364265629_6350917271904606475_n.jpg?resize=400%2C250&ssl=1 480w \" sizes=\"auto, (max-width:479px) 479px, 100vw \"  width=\"400\" height=\"250\" \/><\/a><\/div><\/div>                    <div class=\"column-content\">                        <div class=\"content-wrapper\">\r\n                                                        <h2 class=\"dg_bm_title\"><a href=\"https:\/\/www1.unicap.br\/jornalismo\/oficina-de-adriana-doria-na-4a-edicao-do-faco\/\">Oficina de Adriana D\u00f3ria na 4\u00aa edi\u00e7\u00e3o do Fa\u00e7o!<\/a><\/h2>                            <p class=\"post-meta post-meta-position-default\"><span class=\"published\"><span class=\"meta-icon\"><\/span>abr 17, 2026<\/span><span class=\"categories\"><span class=\"meta-icon\"><\/span> <a href=\"https:\/\/www1.unicap.br\/jornalismo\/category\/sem-categoria\/\" rel=\"category tag\">Sem categoria<\/a><\/span><\/p>                            <div class=\"post-content\">O primeiro dia do FA\u00c7O! Festival Autoral do Jornalismo terminou com saldo extremamente positivo. Aqui temos registros d...<\/div>                                                                                    \r\n                        <\/div>\r\n                    <\/div>                <\/article>\r\n                                <article id=\"post-5297\" class=\"dgbm_post_item v2 post-5297 post type-post status-publish format-standard has-post-thumbnail hentry category-sem-categoria\" >\r\n                    <div class=\"column-image\"><div class=\"dg-post-thumb\" > <a class=\"featured-image-link\" style=\"background-image:url(https:\/\/i0.wp.com\/www1.unicap.br\/jornalismo\/wp-content\/uploads\/2026\/04\/SaveClip.App_658021890_18320231605265629_5787039621408852420_n.jpg?resize=400%2C250&ssl=1);\" href=\"https:\/\/www1.unicap.br\/jornalismo\/oficina-de-rembrandt-junior-na-4a-edicao-do-faco\/\"><img loading=\"lazy\" decoding=\"async\" src=\"https:\/\/i0.wp.com\/www1.unicap.br\/jornalismo\/wp-content\/uploads\/2026\/04\/SaveClip.App_658021890_18320231605265629_5787039621408852420_n.jpg?resize=400%2C250&#038;ssl=1\" alt=\"Oficina de Rembrandt J\u00fanior na 4\u00aa edi\u00e7\u00e3o do Fa\u00e7o!\" class=\"\" srcset=\"https:\/\/i0.wp.com\/www1.unicap.br\/jornalismo\/wp-content\/uploads\/2026\/04\/SaveClip.App_658021890_18320231605265629_5787039621408852420_n.jpg?fit=1080%2C720&ssl=1 479w, https:\/\/i0.wp.com\/www1.unicap.br\/jornalismo\/wp-content\/uploads\/2026\/04\/SaveClip.App_658021890_18320231605265629_5787039621408852420_n.jpg?resize=400%2C250&ssl=1 480w \" sizes=\"auto, (max-width:479px) 479px, 100vw \"  width=\"400\" height=\"250\" \/><\/a><\/div><\/div>                    <div class=\"column-content\">                        <div class=\"content-wrapper\">\r\n                                                        <h2 class=\"dg_bm_title\"><a href=\"https:\/\/www1.unicap.br\/jornalismo\/oficina-de-rembrandt-junior-na-4a-edicao-do-faco\/\">Oficina de Rembrandt J\u00fanior na 4\u00aa edi\u00e7\u00e3o do Fa\u00e7o!<\/a><\/h2>                            <p class=\"post-meta post-meta-position-default\"><span class=\"published\"><span class=\"meta-icon\"><\/span>abr 17, 2026<\/span><span class=\"categories\"><span class=\"meta-icon\"><\/span> <a href=\"https:\/\/www1.unicap.br\/jornalismo\/category\/sem-categoria\/\" rel=\"category tag\">Sem categoria<\/a><\/span><\/p>                            <div class=\"post-content\">O primeiro dia do Fa\u00e7o! Festival Autoral do Jornalismo foi um sucesso. Aqui temos registros da oficina Gol de Placa, mi...<\/div>                                                                                    \r\n                        <\/div>\r\n                    <\/div>                <\/article>\r\n                                <article id=\"post-5285\" class=\"dgbm_post_item v2 post-5285 post type-post status-publish format-standard has-post-thumbnail hentry category-sem-categoria\" >\r\n                    <div class=\"column-image\"><div class=\"dg-post-thumb\" > <a class=\"featured-image-link\" style=\"background-image:url(https:\/\/i0.wp.com\/www1.unicap.br\/jornalismo\/wp-content\/uploads\/2026\/04\/SaveClip.App_658739914_18320221858265629_4808703128325946439_n.jpg?resize=400%2C250&ssl=1);\" href=\"https:\/\/www1.unicap.br\/jornalismo\/curso-de-jornalismo-promove-a-4a-edicao-do-faco\/\"><img loading=\"lazy\" decoding=\"async\" src=\"https:\/\/i0.wp.com\/www1.unicap.br\/jornalismo\/wp-content\/uploads\/2026\/04\/SaveClip.App_658739914_18320221858265629_4808703128325946439_n.jpg?resize=400%2C250&#038;ssl=1\" alt=\"Curso de Jornalismo promove a 4\u00aa edi\u00e7\u00e3o do Fa\u00e7o!\" class=\"\" srcset=\"https:\/\/i0.wp.com\/www1.unicap.br\/jornalismo\/wp-content\/uploads\/2026\/04\/SaveClip.App_658739914_18320221858265629_4808703128325946439_n.jpg?fit=1080%2C627&ssl=1 479w, https:\/\/i0.wp.com\/www1.unicap.br\/jornalismo\/wp-content\/uploads\/2026\/04\/SaveClip.App_658739914_18320221858265629_4808703128325946439_n.jpg?resize=400%2C250&ssl=1 480w \" sizes=\"auto, (max-width:479px) 479px, 100vw \"  width=\"400\" height=\"250\" \/><\/a><\/div><\/div>                    <div class=\"column-content\">                        <div class=\"content-wrapper\">\r\n                                                        <h2 class=\"dg_bm_title\"><a href=\"https:\/\/www1.unicap.br\/jornalismo\/curso-de-jornalismo-promove-a-4a-edicao-do-faco\/\">Curso de Jornalismo promove a 4\u00aa edi\u00e7\u00e3o do Fa\u00e7o!<\/a><\/h2>                            <p class=\"post-meta post-meta-position-default\"><span class=\"published\"><span class=\"meta-icon\"><\/span>abr 17, 2026<\/span><span class=\"categories\"><span class=\"meta-icon\"><\/span> <a href=\"https:\/\/www1.unicap.br\/jornalismo\/category\/sem-categoria\/\" rel=\"category tag\">Sem categoria<\/a><\/span><\/p>                            <div class=\"post-content\">A 4\u00ba edi\u00e7\u00e3o do FA\u00c7O! Festival Autoral de Jornalismo come\u00e7ou com tudo nesta segunda-feira, dia 30, com a participa\u00e7...<\/div>                                                                                    \r\n                        <\/div>\r\n                    <\/div>                <\/article>\r\n                                <article id=\"post-5274\" class=\"dgbm_post_item v2 post-5274 post type-post status-publish format-standard has-post-thumbnail hentry category-sem-categoria\" >\r\n                    <div class=\"column-image\"><div class=\"dg-post-thumb\" > <a class=\"featured-image-link\" style=\"background-image:url(https:\/\/i0.wp.com\/www1.unicap.br\/jornalismo\/wp-content\/uploads\/2026\/03\/Sem-nome-1200-x-630-px-1-3.jpg?resize=400%2C250&ssl=1);\" href=\"https:\/\/www1.unicap.br\/jornalismo\/festival-faco-2026-1-tem-programacao-definida\/\"><img loading=\"lazy\" decoding=\"async\" src=\"https:\/\/i0.wp.com\/www1.unicap.br\/jornalismo\/wp-content\/uploads\/2026\/03\/Sem-nome-1200-x-630-px-1-3.jpg?resize=400%2C250&#038;ssl=1\" alt=\"Confira a programa\u00e7\u00e3o da quarta edi\u00e7\u00e3o do Fa\u00e7o\" class=\"\" srcset=\"https:\/\/i0.wp.com\/www1.unicap.br\/jornalismo\/wp-content\/uploads\/2026\/03\/Sem-nome-1200-x-630-px-1-3.jpg?fit=1200%2C630&ssl=1 479w, https:\/\/i0.wp.com\/www1.unicap.br\/jornalismo\/wp-content\/uploads\/2026\/03\/Sem-nome-1200-x-630-px-1-3.jpg?resize=400%2C250&ssl=1 480w \" sizes=\"auto, (max-width:479px) 479px, 100vw \"  width=\"400\" height=\"250\" \/><\/a><\/div><\/div>                    <div class=\"column-content\">                        <div class=\"content-wrapper\">\r\n                                                        <h2 class=\"dg_bm_title\"><a href=\"https:\/\/www1.unicap.br\/jornalismo\/festival-faco-2026-1-tem-programacao-definida\/\">Confira a programa\u00e7\u00e3o da quarta edi\u00e7\u00e3o do Fa\u00e7o<\/a><\/h2>                            <p class=\"post-meta post-meta-position-default\"><span class=\"published\"><span class=\"meta-icon\"><\/span>mar 27, 2026<\/span><span class=\"categories\"><span class=\"meta-icon\"><\/span> <a href=\"https:\/\/www1.unicap.br\/jornalismo\/category\/sem-categoria\/\" rel=\"category tag\">Sem categoria<\/a><\/span><\/p>                            <div class=\"post-content\">\u26a0\ufe0f\u26a0\ufe0fVamos fechar a semana com uma \u00f3tima not\u00edcia. A 4\u00ba edi\u00e7\u00e3o do FA\u00c7O! Festival Autoral de Jornalismo j\u00e1 e...<\/div>                                                                                    \r\n                        <\/div>\r\n                    <\/div>                <\/article>\r\n                                <article id=\"post-5266\" class=\"dgbm_post_item v2 post-5266 post type-post status-publish format-standard has-post-thumbnail hentry category-sem-categoria\" >\r\n                    <div class=\"column-image\"><div class=\"dg-post-thumb\" > <a class=\"featured-image-link\" style=\"background-image:url(https:\/\/i0.wp.com\/www1.unicap.br\/jornalismo\/wp-content\/uploads\/2026\/03\/SaveClip.App_657697256_18319598176265629_1384001639828758153_n.jpg?resize=400%2C250&ssl=1);\" href=\"https:\/\/www1.unicap.br\/jornalismo\/alunos-do-sexto-periodo-visitam-o-museu-de-arquelogia-e-ciencias-naturais-da-unicap\/\"><img loading=\"lazy\" decoding=\"async\" src=\"https:\/\/i0.wp.com\/www1.unicap.br\/jornalismo\/wp-content\/uploads\/2026\/03\/SaveClip.App_657697256_18319598176265629_1384001639828758153_n.jpg?resize=400%2C250&#038;ssl=1\" alt=\"Alunos do sexto per\u00edodo visitam o Museu de Arquelogia e Ci\u00eancias Naturais da Unicap\" class=\"\" srcset=\"https:\/\/i0.wp.com\/www1.unicap.br\/jornalismo\/wp-content\/uploads\/2026\/03\/SaveClip.App_657697256_18319598176265629_1384001639828758153_n.jpg?fit=1080%2C810&ssl=1 479w, https:\/\/i0.wp.com\/www1.unicap.br\/jornalismo\/wp-content\/uploads\/2026\/03\/SaveClip.App_657697256_18319598176265629_1384001639828758153_n.jpg?resize=400%2C250&ssl=1 480w \" sizes=\"auto, (max-width:479px) 479px, 100vw \"  width=\"400\" height=\"250\" \/><\/a><\/div><\/div>                    <div class=\"column-content\">                        <div class=\"content-wrapper\">\r\n                                                        <h2 class=\"dg_bm_title\"><a href=\"https:\/\/www1.unicap.br\/jornalismo\/alunos-do-sexto-periodo-visitam-o-museu-de-arquelogia-e-ciencias-naturais-da-unicap\/\">Alunos do sexto per\u00edodo visitam o Museu de Arquelogia e Ci\u00eancias Naturais da Unicap<\/a><\/h2>                            <p class=\"post-meta post-meta-position-default\"><span class=\"published\"><span class=\"meta-icon\"><\/span>mar 27, 2026<\/span><span class=\"categories\"><span class=\"meta-icon\"><\/span> <a href=\"https:\/\/www1.unicap.br\/jornalismo\/category\/sem-categoria\/\" rel=\"category tag\">Sem categoria<\/a><\/span><\/p>                            <div class=\"post-content\">O semestre est\u00e1 a todo vapor e isto significa que as disciplinas de Projeto Integrador do curso de Jornalismo tamb\u00e9m s...<\/div>                                                                                    \r\n                        <\/div>\r\n                    <\/div>                <\/article>\r\n                <div class='wp-pagenavi' role='navigation'>\n<span class='pages'>P\u00e1gina 1 de 51<\/span><span aria-current='page' class='current'>1<\/span><a class=\"page larger\" title=\"P\u00e1gina 2\" href=\"https:\/\/www1.unicap.br\/jornalismo\/wp-json\/wp\/v2\/pages\/2454\/page\/2\/?et_blog\">2<\/a><a class=\"page larger\" title=\"P\u00e1gina 3\" href=\"https:\/\/www1.unicap.br\/jornalismo\/wp-json\/wp\/v2\/pages\/2454\/page\/3\/?et_blog\">3<\/a><a class=\"page larger\" title=\"P\u00e1gina 4\" href=\"https:\/\/www1.unicap.br\/jornalismo\/wp-json\/wp\/v2\/pages\/2454\/page\/4\/?et_blog\">4<\/a><a class=\"page larger\" title=\"P\u00e1gina 5\" href=\"https:\/\/www1.unicap.br\/jornalismo\/wp-json\/wp\/v2\/pages\/2454\/page\/5\/?et_blog\">5<\/a><span class='extend'>...<\/span><a class=\"larger page\" title=\"P\u00e1gina 10\" href=\"https:\/\/www1.unicap.br\/jornalismo\/wp-json\/wp\/v2\/pages\/2454\/page\/10\/?et_blog\">10<\/a><a class=\"larger page\" title=\"P\u00e1gina 20\" href=\"https:\/\/www1.unicap.br\/jornalismo\/wp-json\/wp\/v2\/pages\/2454\/page\/20\/?et_blog\">20<\/a><a class=\"larger page\" title=\"P\u00e1gina 30\" href=\"https:\/\/www1.unicap.br\/jornalismo\/wp-json\/wp\/v2\/pages\/2454\/page\/30\/?et_blog\">30<\/a><span class='extend'>...<\/span><a class=\"nextpostslink\" rel=\"next\" aria-label=\"Pr\u00f3xima p\u00e1gina\" href=\"https:\/\/www1.unicap.br\/jornalismo\/wp-json\/wp\/v2\/pages\/2454\/page\/2\/?et_blog\">\u00bb<\/a><a class=\"last\" aria-label=\"Last Page\" href=\"https:\/\/www1.unicap.br\/jornalismo\/wp-json\/wp\/v2\/pages\/2454\/page\/51\/?et_blog\">\u00daltima \u00bb<\/a>\n<\/div> \r\n\t\t\t\t\t\t\t\t<\/div>\r\n\t\t\t\t\t\t\t<\/div>\r\n                        <\/div>\n\t\t\t\t<\/div>\n\t\t\t<\/div><\/p>\n","protected":false},"author":1,"featured_media":0,"parent":0,"menu_order":0,"comment_status":"closed","ping_status":"closed","template":"","meta":{"_et_pb_use_builder":"on","_et_pb_old_content":"","_et_gb_content_width":"","footnotes":""},"class_list":["post-2454","page","type-page","status-publish","hentry"],"jetpack_sharing_enabled":true,"_links":{"self":[{"href":"https:\/\/www1.unicap.br\/jornalismo\/wp-json\/wp\/v2\/pages\/2454","targetHints":{"allow":["GET"]}}],"collection":[{"href":"https:\/\/www1.unicap.br\/jornalismo\/wp-json\/wp\/v2\/pages"}],"about":[{"href":"https:\/\/www1.unicap.br\/jornalismo\/wp-json\/wp\/v2\/types\/page"}],"author":[{"embeddable":true,"href":"https:\/\/www1.unicap.br\/jornalismo\/wp-json\/wp\/v2\/users\/1"}],"replies":[{"embeddable":true,"href":"https:\/\/www1.unicap.br\/jornalismo\/wp-json\/wp\/v2\/comments?post=2454"}],"version-history":[{"count":5,"href":"https:\/\/www1.unicap.br\/jornalismo\/wp-json\/wp\/v2\/pages\/2454\/revisions"}],"predecessor-version":[{"id":4655,"href":"https:\/\/www1.unicap.br\/jornalismo\/wp-json\/wp\/v2\/pages\/2454\/revisions\/4655"}],"wp:attachment":[{"href":"https:\/\/www1.unicap.br\/jornalismo\/wp-json\/wp\/v2\/media?parent=2454"}],"curies":[{"name":"wp","href":"https:\/\/api.w.org\/{rel}","templated":true}]}}